{"id":347,"date":"2016-01-05T15:15:02","date_gmt":"2016-01-05T15:15:02","guid":{"rendered":"http:\/\/rabelais32.org\/?page_id=347"},"modified":"2026-01-26T15:52:42","modified_gmt":"2026-01-26T14:52:42","slug":"randos-decouverteprogramme","status":"publish","type":"page","link":"https:\/\/www.rabelais32.org\/index.php\/activites\/sport-et-decouvertes\/randos-decouverteprogramme\/","title":{"rendered":"Rando-d\u00e9couverte : programmes"},"content":{"rendered":"<p>&nbsp;<\/p>\n<p><a href=\"http:\/\/rabelais32.org\/wp-content\/uploads\/2016\/01\/cascade-p.-Basque.jpg\" target=\"_blank\" rel=\"attachment wp-att-1026 noopener noreferrer\"><img loading=\"lazy\" decoding=\"async\" class=\"size-medium wp-image-1026 alignleft\" src=\"http:\/\/rabelais32.org\/wp-content\/uploads\/2016\/01\/cascade-p.-Basque-300x225.jpg\" alt=\"cascade p. Basque\" width=\"300\" height=\"225\" srcset=\"https:\/\/www.rabelais32.org\/wp-content\/uploads\/2016\/01\/cascade-p.-Basque-300x225.jpg 300w, https:\/\/www.rabelais32.org\/wp-content\/uploads\/2016\/01\/cascade-p.-Basque-768x576.jpg 768w, https:\/\/www.rabelais32.org\/wp-content\/uploads\/2016\/01\/cascade-p.-Basque.jpg 1024w\" sizes=\"auto, (max-width: 300px) 100vw, 300px\" \/><\/a><em><br \/>\n<\/em><\/p>\n<p>&nbsp;<\/p>\n<p style=\"text-align: justify;\">La meilleure fa\u00e7on de d\u00e9couvrir une r\u00e9gion, c\u2019est encore la marche. Chaque pas nous porte au plus pr\u00e8s des choses et des hommes, c\u2019est le sens m\u00eame de la rando-d\u00e9couverte. Nous approchons de ce qui fait l\u2019authenticit\u00e9 d\u2019un lieu, nous apprenons \u00e0 le conna\u00eetre, nous nous impr\u00e9gnons des nouveaux paysages, nous touchons \u00e0 la vie. La nature nous accueille, elle n\u2019est jamais hostile. Emerveillons-nous !<\/p>\n<p>De la Nouvelle Aquitaine \u00e0 l&rsquo;Occitanie, que de sentiers \u00e0 parcourir, que de paysages \u00e0 d\u00e9couvrir, que de villages \u00e0 visiter..<\/p>\n<p>&nbsp;<\/p>\n<p>&nbsp;<\/p>\n<p>&nbsp;<\/p>\n<p><span style=\"color: #800000;\"><em><strong>Propositions pour 2026 :<\/strong><\/em><\/span><\/p>\n<div><em><strong><span style=\"color: #008000;\">Randonn\u00e9e d\u00e9couverte autour du lac du Salagou du 26 au 29 mai 2026 :<\/span> <a href=\"https:\/\/www.rabelais32.org\/wp-content\/uploads\/2025\/11\/CLUB-SANTE-SENIORS-RANDONNEE-AU-LAC-DU-SALAGOU-4J.docx.pdf\" target=\"_blank\" rel=\"noopener\">ICI<\/a><\/strong><\/em><\/div>\n<div><em><strong>Bulletin d&rsquo;inscription : <a href=\"https:\/\/www.rabelais32.org\/wp-content\/uploads\/2025\/11\/SALAGOU-inscription1.pdf\" target=\"_blank\" rel=\"noopener\">ICI<\/a><\/strong><\/em><\/div>\n<div><span style=\"color: #ff0000;\"><strong>Annul\u00e9e pour le club en groupe : inscrits en nombre insuffisant<\/strong><\/span><\/div>\n<div>*<\/div>\n<div><em><strong><span style=\"color: #008000;\">Randonn\u00e9e d\u00e9couverte dans le Tarn du 6 au 9 octobre 2026 :<\/span> <a href=\"https:\/\/www.rabelais32.org\/wp-content\/uploads\/2025\/12\/CLUB-SANTE-SENIORS-RANDONNEE-DANS-LA-VALLEE-DU-VIAUR-4J.pdf\" target=\"_blank\" rel=\"noopener\">ICI<\/a><\/strong><\/em><\/div>\n<div><em><strong>Bulletin d&rsquo;inscription :<a href=\"https:\/\/www.rabelais32.org\/wp-content\/uploads\/2025\/12\/Vallee-du-Viaur-inscription1.pdf\" target=\"_blank\" rel=\"noopener\"> ICI<\/a><\/strong><\/em><\/div>\n<p>&nbsp;<\/p>\n<p><span style=\"color: #800000;\"><em><strong>Pour 2025 :<\/strong><\/em><\/span><\/p>\n<p><em><strong>Randonn\u00e9es d\u00e9couverte :<br \/>\n<\/strong><\/em><\/p>\n<p><strong>Autour du Pont du Gard du 19 au 22 mai 2025 : <a href=\"https:\/\/www.rabelais32.org\/wp-content\/uploads\/2024\/09\/pont-du-gard-programme-illustre_Randonne_e-2.pdf\" target=\"_blank\" rel=\"noopener\">ICI<\/a><\/strong><\/p>\n<p><strong>Sondage pour sorties, randonn\u00e9es, voyages en 2025 : <a href=\"https:\/\/www.rabelais32.org\/wp-content\/uploads\/2024\/05\/fiche-souhaits-adherents-projets-2025.pdf\">ICI<\/a><\/strong><\/p>\n<p>&nbsp;<\/p>\n<p><span style=\"color: #800000;\"><em><strong>Pour 2024 :<\/strong><\/em><\/span><\/p>\n<p><a href=\"https:\/\/www.rabelais32.org\/wp-content\/uploads\/2023\/06\/Sondage-voyages-2024-CSS.pdf\" target=\"_blank\" rel=\"noopener noreferrer\"><strong>Sondage pour voyages en 2024 : ICI<\/strong><\/a><\/p>\n<p><em><strong>Les propositions retenues pour 2024 sont : <\/strong><\/em><\/p>\n<p><strong>Le Tarn et les gorges de l&rsquo;Aveyron du 19 au 22 juin 2024\u00a0 :<a href=\"https:\/\/www.rabelais32.org\/wp-content\/uploads\/2024\/01\/TARN-Voyage-randonnee.pdf\" target=\"_blank\" rel=\"noopener noreferrer\"> ICI<\/a><\/strong><\/p>\n<p><strong>La Vall\u00e9e de Boi\u00a0 du 24 au 27 septembre 2024 : <a href=\"https:\/\/www.rabelais32.org\/wp-content\/uploads\/2024\/09\/Reunion-et-Programme.Vallee-de-Boi.pdf\" target=\"_blank\" rel=\"noopener\">ICI<\/a><\/strong><\/p>\n<p>&nbsp;<\/p>\n<p><strong><span style=\"color: #ff0000;\">Bulletin d&rsquo;inscription \u00e0 retourner avant le 23 octobre 2023 : <\/span><a href=\"https:\/\/www.rabelais32.org\/wp-content\/uploads\/2023\/10\/Tableau-Projet-MGEN-20241.pdf\" target=\"_blank\" rel=\"noopener noreferrer\"><span style=\"color: #ff0000;\">IC<\/span>I<\/a><\/strong><\/p>\n<p>Les inscriptions <strong>jusqu&rsquo;au lundi 23 octobre 2023 dernier d\u00e9lai<\/strong> d\u00e9termineront en fonction du nombre de participants le choix des voyages et randonn\u00e9es retenus. Les renseignements et les acomptes seront alors\u00a0 demand\u00e9s aux inscrits \u00e0 ces voyages et randonn\u00e9es.<\/p>\n<p>&nbsp;<\/p>\n<p><span style=\"color: #800000;\"><em><strong>Pour 2023<\/strong><\/em><\/span><\/p>\n<p><strong><span style=\"color: #0000ff;\">Propositions\u00a0 :<\/span><\/strong><\/p>\n<p><strong>S\u00e9jour sur la Costa Brava du 25 au 28 juin 2023 : <a href=\"https:\/\/www.rabelais32.org\/wp-content\/uploads\/2023\/01\/Costa-Brava-juin-2023.pdf\" target=\"_blank\" rel=\"noopener noreferrer\">ICI<\/a><\/strong><\/p>\n<p><strong>S\u00e9jour en Pays Narbonnais du 30 septembre au 3 octobre 2023 : <a href=\"https:\/\/www.rabelais32.org\/wp-content\/uploads\/2023\/01\/Voyage-en-Pays-narbonnais-avec-le-guide-revu.pdf\" target=\"_blank\" rel=\"noopener noreferrer\">ICI<\/a><\/strong><\/p>\n<p>&nbsp;<\/p>\n<p><span style=\"color: #800000;\"><em><strong>Pour 2022<\/strong><\/em><\/span><\/p>\n<p><strong>S\u00e9jour raquettes au Mourtis : <a href=\"https:\/\/www.rabelais32.org\/wp-content\/uploads\/2022\/01\/Devis-et-programme-le-Mourtis.pdf\" target=\"_blank\" rel=\"noopener noreferrer\">ICI<\/a><\/strong><\/p>\n<p><strong>S\u00e9jour en Cerdagne : programme : <a href=\"https:\/\/www.rabelais32.org\/wp-content\/uploads\/2022\/03\/Programme-cerdagne-avec-tarif.pdf\" target=\"_blank\" rel=\"noopener noreferrer\">ICI<\/a><\/strong><\/p>\n<p><strong>S\u00e9jour au Rougier de Camar\u00e8s : programme : <a href=\"https:\/\/www.rabelais32.org\/wp-content\/uploads\/2022\/03\/Programme-le-Rougier-de-Camares-avec-dates.pdf\" target=\"_blank\" rel=\"noopener noreferrer\">ICI<\/a><\/strong><\/p>\n<p><strong>\u00a0S\u00e9jour en Aragon : Programme : <a href=\"https:\/\/www.rabelais32.org\/wp-content\/uploads\/2022\/07\/Programme.pdf\" target=\"_blank\" rel=\"noopener noreferrer\">Page 1<\/a> ; <a href=\"https:\/\/www.rabelais32.org\/wp-content\/uploads\/2022\/07\/Suite-programme.pdf\" target=\"_blank\" rel=\"noopener noreferrer\">page 2<\/a><br \/>\n<\/strong><\/p>\n<p><span style=\"color: #800000;\"><em><strong>Pour 2020<\/strong><\/em><\/span><\/p>\n<p><strong>Projets<\/strong><strong> 2020, <\/strong><strong>en partenariat avec La <span style=\"color: #339966;\">Ligue de L\u2019Enseignement<\/span> :<\/strong><\/p>\n<p><strong>du 22 au 26 juin 2020 <span style=\"color: #ff0000;\">report\u00e9 en 2021<\/span> : Conques Aubrac : programme : <a href=\"https:\/\/www.rabelais32.org\/wp-content\/uploads\/2019\/10\/Conques-Aubrac.pdf\" target=\"_blank\" rel=\"noopener noreferrer\">ICI<\/a><\/strong><\/p>\n<p><strong>du 27 septembre au 2 octobre 2020 : Pays grassois et les gorges du Verdon\u00a0 : programme avec quelques rectifications ( <span style=\"color: #ff0000;\">faites le 09\/09 2020<\/span>) \u00e0 consulter: <a href=\"https:\/\/www.rabelais32.org\/wp-content\/uploads\/2020\/09\/Se\u0301jour-a\u0300-Grasse-27-septembre-2020.pdf\" target=\"_blank\" rel=\"noopener noreferrer\">ICI<\/a><\/strong><\/p>\n<p><span style=\"color: #800000;\"><em><strong>Pour 2019 <\/strong><\/em>:<\/span><\/p>\n<p><strong>Projet<\/strong><strong> 2019, <\/strong><strong>en partenariat avec La Ligue de L\u2019Enseignement :<br \/>\n<\/strong><\/p>\n<p><strong>Du 14 au 18 mai\u00a0: <\/strong><strong>Le Luberon, <\/strong><strong>s\u00e9jour RANDO-DECOUVERTE : Programme\u00a0 : <\/strong><a href=\"https:\/\/www.rabelais32.org\/wp-content\/uploads\/2018\/10\/LUBERON-Programme.pdf\" target=\"_blank\" rel=\"noopener noreferrer\"><strong>ICI<\/strong><\/a><\/p>\n<div><\/div>\n<div class=\"\" style=\"text-align: left;\"><span style=\"color: #4d22b3;\"><span style=\"color: #800000;\"><em><strong>\u00a0Pour 2018<\/strong><\/em><\/span>:<\/span><\/div>\n<div>\u00a0\u00a02 projets ont \u00e9t\u00e9 retenus :<\/div>\n<div><strong class=\"\">L\u2019ALSACE<\/strong> : les randonneurs int\u00e9ress\u00e9s pourront s\u2019associer au Voyage-Tourisme organis\u00e9 par le Club, \u00e0 la mi-septembre : programme : <a href=\"https:\/\/www.rabelais32.org\/wp-content\/uploads\/2018\/01\/ALSACE-REN-12-01-18.pdf\" target=\"_blank\" rel=\"noopener noreferrer\"><strong>ICI<\/strong><\/a><\/div>\n<div class=\"\"><\/div>\n<div class=\"\"><strong class=\"\">LE LITTORAL BASQUE :<\/strong> c\u00f4t\u00e9 fran\u00e7ais et c\u00f4t\u00e9 espagnol (2 nuits 3 jours) \u00e0 la fin septembre pour la f\u00eate de la Corniche \u00e0 Saint-Jean de Luz. : programme : <strong><a href=\"https:\/\/www.rabelais32.org\/wp-content\/uploads\/2018\/01\/Sentier-du-Littoral-Basque-complet-.pdf\" target=\"_blank\" rel=\"noopener noreferrer\">ICI<\/a><\/strong><span style=\"color: #4d22b3;\"><br \/>\n<\/span><\/div>\n<div class=\"\"><span style=\"color: #4d22b3;\">\u00a0<\/span><\/div>\n<div><\/div>\n<div><\/div>\n<div><span style=\"color: #800000;\"><em><strong>Pour 2017:<\/strong><\/em><\/span><\/div>\n<p>Les programmes des randonn\u00e9es &#8211; d\u00e9couverte dans le pays d<strong>&lsquo;Arles<\/strong> et dans le <strong>Tarn pour mai et septembre 2017<\/strong> sont\u00a0 consultables ci-dessous. Vous y trouverez toutes les informations.<\/p>\n<p>Arles et La Camargue <a href=\"https:\/\/www.rabelais32.org\/wp-content\/uploads\/2017\/05\/ARLES-\u2013-La-Camargue.pdf\" target=\"_blank\" rel=\"noopener noreferrer\">ICI<\/a> .<\/p>\n<p>Castres et le Sidobre <a href=\"http:\/\/www.rabelais32.org\/wp-content\/uploads\/2017\/01\/Le-Sidobre-revu.pdf\" target=\"_blank\" rel=\"noopener noreferrer\">ICI<\/a><\/p>\n","protected":false},"excerpt":{"rendered":"<p>&nbsp; &nbsp; La meilleure fa\u00e7on de d\u00e9couvrir une r\u00e9gion, c\u2019est encore la marche. Chaque pas nous porte au plus pr\u00e8s des choses et des hommes, c\u2019est le sens m\u00eame de la rando-d\u00e9couverte. Nous approchons de ce qui fait l\u2019authenticit\u00e9 d\u2019un &hellip; <a href=\"https:\/\/www.rabelais32.org\/index.php\/activites\/sport-et-decouvertes\/randos-decouverteprogramme\/\">Lire la suite\u00ad\u00ad<\/a><\/p>\n","protected":false},"author":1,"featured_media":1469,"parent":9,"menu_order":0,"comment_status":"closed","ping_status":"closed","template":"","meta":{"footnotes":""},"class_list":["post-347","page","type-page","status-publish","has-post-thumbnail","hentry"],"_links":{"self":[{"href":"https:\/\/www.rabelais32.org\/index.php\/wp-json\/wp\/v2\/pages\/347","targetHints":{"allow":["GET"]}}],"collection":[{"href":"https:\/\/www.rabelais32.org\/index.php\/wp-json\/wp\/v2\/pages"}],"about":[{"href":"https:\/\/www.rabelais32.org\/index.php\/wp-json\/wp\/v2\/types\/page"}],"author":[{"embeddable":true,"href":"https:\/\/www.rabelais32.org\/index.php\/wp-json\/wp\/v2\/users\/1"}],"replies":[{"embeddable":true,"href":"https:\/\/www.rabelais32.org\/index.php\/wp-json\/wp\/v2\/comments?post=347"}],"version-history":[{"count":96,"href":"https:\/\/www.rabelais32.org\/index.php\/wp-json\/wp\/v2\/pages\/347\/revisions"}],"predecessor-version":[{"id":15820,"href":"https:\/\/www.rabelais32.org\/index.php\/wp-json\/wp\/v2\/pages\/347\/revisions\/15820"}],"up":[{"embeddable":true,"href":"https:\/\/www.rabelais32.org\/index.php\/wp-json\/wp\/v2\/pages\/9"}],"wp:featuredmedia":[{"embeddable":true,"href":"https:\/\/www.rabelais32.org\/index.php\/wp-json\/wp\/v2\/media\/1469"}],"wp:attachment":[{"href":"https:\/\/www.rabelais32.org\/index.php\/wp-json\/wp\/v2\/media?parent=347"}],"curies":[{"name":"wp","href":"https:\/\/api.w.org\/{rel}","templated":true}]}}