{"id":338,"date":"2016-01-05T14:34:33","date_gmt":"2016-01-05T14:34:33","guid":{"rendered":"http:\/\/rabelais32.org\/?page_id=338"},"modified":"2026-03-29T15:33:55","modified_gmt":"2026-03-29T13:33:55","slug":"actualites","status":"publish","type":"page","link":"https:\/\/www.rabelais32.org\/index.php\/actualites\/","title":{"rendered":"Actualit\u00e9s"},"content":{"rendered":"<div class=\"\">Cette page a pour but de vous orienter vers les comptes-rendus concernant toutes nos activit\u00e9s, les articles \u00e0 partager, les derni\u00e8res informations importantes.<\/div>\n<div>\n<hr \/>\n<\/div>\n<div><strong><em>Mode d&#8217;emploi pour faire un commentaire sur un article : <a href=\"https:\/\/www.rabelais32.org\/wp-content\/uploads\/2023\/04\/Ecrivez-votre-message-en-commentaire.pdf\" target=\"_blank\" rel=\"noopener noreferrer\">ICI<\/a><\/em><\/strong><\/div>\n<div>&#8230;&#8230;&#8230;&#8230;&#8230;&#8230;&#8230;&#8230;&#8230;&#8230;&#8230;&#8230;&#8230;&#8230;&#8230;&#8230;&#8230;&#8230;&#8230;&#8230;&#8230;&#8230;&#8230;&#8230;&#8230;&#8230;&#8230;&#8230;&#8230;&#8230;&#8230;&#8230;&#8230;&#8230;..<\/div>\n<div>\n<p><strong>Collecte solidaire \u00ab\u00a0Tous et Toutes pour Elles\u00a0\u00bb en mars 2026<\/strong><\/p>\n<p><strong>pour notre partenaire \u00ab\u00a0Agir pour la Sant\u00e9 des femmes\u00a0\u00bb<\/strong> :<strong> courrier explicatif : <a href=\"https:\/\/www.rabelais32.org\/wp-content\/uploads\/2026\/03\/courrier-explicatif.pdf\" target=\"_blank\" rel=\"noopener\">ICI<\/a><\/strong><\/p>\n<\/div>\n<div><\/div>\n<div><span style=\"color: #ff0000;\"><em><strong>INFORMATIONS pour l&rsquo;ANN\u00c9E 2025-2026 :<\/strong><\/em><\/span><\/div>\n<div><\/div>\n<div><em><strong><a href=\"https:\/\/www.rabelais32.org\/wp-content\/uploads\/2026\/03\/REUNION-GENERALE-a-9-H-30-Mardi-5-Mai-2026-Mediatheque-de-PAVIE.pdf\" target=\"_blank\" rel=\"noopener\">R\u00c9UNION G\u00c9N\u00c9RALE MARDI 5 MAI 2026 , informations : ICI<\/a><\/strong><\/em><\/div>\n<div style=\"text-align: center;\"><span style=\"color: #ff0000;\"><em><strong>Les randonn\u00e9es :<\/strong><\/em><\/span><\/div>\n<div><\/div>\n<div>\n<div><span style=\"color: #008000;\"><em><strong>Randonn\u00e9e d\u00e9couverte dans le Tarn du 6 au 9 octobre 2026 : <a style=\"color: #008000;\" href=\"https:\/\/www.rabelais32.org\/wp-content\/uploads\/2025\/12\/CLUB-SANTE-SENIORS-RANDONNEE-DANS-LA-VALLEE-DU-VIAUR-4J.pdf\" target=\"_blank\" rel=\"noopener\">ICI<\/a><\/strong><\/em><\/span><\/div>\n<div><span style=\"color: #008000;\"><em><strong>Bulletin d&rsquo;inscription :<a style=\"color: #008000;\" href=\"https:\/\/www.rabelais32.org\/wp-content\/uploads\/2025\/12\/Vallee-du-Viaur-inscription1.pdf\" target=\"_blank\" rel=\"noopener\"> ICI<\/a><\/strong><\/em><\/span><\/div>\n<\/div>\n<div>*<\/div>\n<div><span style=\"color: #ff6600;\"><em><strong>Randonn\u00e9e d\u00e9couverte autour du lac du Salagou du 26 au 29 mai 2026 : <a href=\"https:\/\/www.rabelais32.org\/wp-content\/uploads\/2025\/11\/CLUB-SANTE-SENIORS-RANDONNEE-AU-LAC-DU-SALAGOU-4J.docx.pdf\" target=\"_blank\" rel=\"noopener\">ICI<\/a><\/strong><\/em><\/span><\/div>\n<div><span style=\"color: #000000;\"><em><strong>Bulletin d&rsquo;inscription : <a href=\"https:\/\/www.rabelais32.org\/wp-content\/uploads\/2025\/11\/SALAGOU-inscription1.pdf\" target=\"_blank\" rel=\"noopener\">ICI<\/a><\/strong><\/em><\/span><\/div>\n<div><strong><span style=\"color: #ff0000;\">Annul\u00e9e pour le club en groupe : inscrits en nombre insuffisant<\/span><\/strong><\/div>\n<div><\/div>\n<div><\/div>\n<div style=\"text-align: center;\"><span style=\"color: #ff0000;\"><em><strong>Les voyages :\u00a0<\/strong><\/em><\/span><\/div>\n<div><\/div>\n<div><span style=\"color: #0000ff;\"><em><strong>Voyage en France : La Picardie ; baie de la Somme du 20 au 23 juin 2026 : <a href=\"https:\/\/www.rabelais32.org\/wp-content\/uploads\/2026\/01\/Proposition-PICARDIE-du-20-au-25-juin-2026.pdf\" target=\"_blank\" rel=\"noopener\">ICI<\/a><\/strong><\/em><\/span><\/div>\n<div><span style=\"color: #ff0000;\"><strong><em>Inscription par mail au club ou par t\u00e9l\u00e9phone avant le jeudi 5 f\u00e9vrier 2026<\/em><\/strong><\/span><\/div>\n<div>*<\/div>\n<div><span style=\"color: #0000ff;\"><em><strong>Voyage CHYPRE 16 &#8211; 23 septembre 2026 : <a href=\"https:\/\/www.rabelais32.org\/wp-content\/uploads\/2025\/11\/CHYPRE-8J.pdf\" target=\"_blank\" rel=\"noopener\">ICI<\/a><\/strong><\/em><\/span><\/div>\n<div><span style=\"color: #0000ff;\"><em><strong>bulletin d&rsquo;inscription : <a style=\"color: #0000ff;\" href=\"https:\/\/www.rabelais32.org\/wp-content\/uploads\/2025\/11\/Chypre-inscription.pdf\" target=\"_blank\" rel=\"noopener\">ICI<\/a><\/strong><\/em><\/span><\/div>\n<div><span style=\"color: #ff0000;\"><strong>Annul\u00e9 pour le club en groupe : inscrits en nombre insuffisant<\/strong><\/span><\/div>\n<div><\/div>\n<div style=\"text-align: center;\"><em><strong><span style=\"color: #ff0000;\">Les sorties\u00a0 :<\/span><\/strong><\/em><\/div>\n<div><span style=\"color: #339966;\"><em><strong>Proposition de sortie \u00e0 Castres, Sor\u00e8ze le 31 mars 2026 : Programme :<a href=\"https:\/\/www.rabelais32.org\/wp-content\/uploads\/2026\/02\/1-jour-a-Castres-Mars-2026-.pdf\" target=\"_blank\" rel=\"noopener\"> ICI<\/a><\/strong><\/em><\/span><\/div>\n<div><em><strong><span style=\"color: #339966;\">bulletin d&rsquo;inscription : <a href=\"https:\/\/www.rabelais32.org\/wp-content\/uploads\/2026\/02\/Sortie-dans-le-Tarn-Castres-Soreze-1-jour.pdf\" target=\"_blank\" rel=\"noopener\">ICI<\/a><\/span><\/strong><\/em><\/div>\n<div><\/div>\n<div><span style=\"color: #008000;\"><em><strong>Sortie Agen du 11 f\u00e9vrier 2026 : ICI<\/strong><\/em><\/span><\/div>\n<div><span style=\"color: #008000;\"><em><strong>bulletin d&rsquo;inscription : ICI<\/strong><\/em><\/span><\/div>\n<div><\/div>\n<div><em><strong><span style=\"color: #008000;\">Sortie en pr\u00e9paration Castres sur un jour PRINTEMPS 2026<\/span> : <a href=\"https:\/\/www.rabelais32.org\/wp-content\/uploads\/2026\/01\/FIN-Castres-Soreze.pdf\" target=\"_blank\" rel=\"noopener\">ICI<\/a><\/strong><\/em><\/div>\n<div><\/div>\n<div>*<\/div>\n<div>\n<div><span style=\"color: #000000;\"><strong><em>Sortie Toulouse du 4 d\u00e9cembre : programme : <a style=\"color: #000000;\" href=\"https:\/\/www.rabelais32.org\/wp-content\/uploads\/2025\/11\/4-decembre-2025-infos-journnee-Toulouse.pdf\" target=\"_blank\" rel=\"noopener\">ICI<\/a><\/em><\/strong><\/span><\/div>\n<div><span style=\"color: #000000;\"><strong><em> bulletin d&rsquo;inscription : <a style=\"color: #000000;\" href=\"https:\/\/www.rabelais32.org\/wp-content\/uploads\/2025\/10\/Bulletin-inscription-TOULOUSE-le-4-decembre-2025.pdf\">ICI<\/a><\/em><\/strong><\/span><\/div>\n<\/div>\n<div>*<\/div>\n<div><em><strong>\u00ab\u00a0En rivi\u00e8re basse\u00a0\u00bb : 14 octobre 2025 : bulletin d&rsquo;inscription \u00e0 retourner avant le 30 septembre : <a href=\"https:\/\/www.rabelais32.org\/wp-content\/uploads\/2025\/09\/Riviere-Basse-inscription-2.pdf\" target=\"_blank\" rel=\"noopener\">ICI<\/a><\/strong><\/em><\/div>\n<div>*<\/div>\n<div><span style=\"color: #008080;\"><em><strong>Compte rendu r\u00e9union du 17 septembre 2025 : <a href=\"https:\/\/www.rabelais32.org\/wp-content\/uploads\/2025\/09\/Reunion-17-septembre-2025-pour-envoi.pdf\" target=\"_blank\" rel=\"noopener\">ICI<\/a><\/strong><\/em><\/span><\/div>\n<div><\/div>\n<div>*<\/div>\n<div><strong><em><span style=\"color: #008080;\">Documents pour les projets de sorties de septembre \u00e0 d\u00e9cembre 2025 :<\/span><\/em><\/strong><\/div>\n<div><\/div>\n<div><strong><em>Sortie \u00e0 Toulouse fin novembre d\u00e9but d\u00e9cembre : <a href=\"https:\/\/www.rabelais32.org\/wp-content\/uploads\/2025\/09\/Visites-a-Toulouse-revues.pdf\" target=\"_blank\" rel=\"noopener\">ICI<\/a><\/em><\/strong><\/div>\n<div><\/div>\n<div>*<\/div>\n<div><strong><em><span style=\"color: #008080;\">Documents pour les projets de voyages en 2026<\/span> : <span style=\"color: #3366ff;\"><a href=\"https:\/\/www.rabelais32.org\/wp-content\/uploads\/2025\/09\/grand-tour-de-Chypre.pdf\" target=\"_blank\" rel=\"noopener\">CHYPRE<\/a> ; <a href=\"https:\/\/www.rabelais32.org\/wp-content\/uploads\/2025\/09\/PORTUGAL-2026-6J-V2.pdf\" target=\"_blank\" rel=\"noopener\">PORTUGAL<\/a>: <a href=\"https:\/\/www.rabelais32.org\/wp-content\/uploads\/2025\/09\/Andalousie-2026.pdf\" target=\"_blank\" rel=\"noopener\">ANDALOUSIE<\/a><\/span><\/em><\/strong><\/div>\n<div><\/div>\n<div>\n<div>*<\/div>\n<div><strong><em><span style=\"color: #008080;\">Documents pour les projets de randonn\u00e9es en 2026<\/span> : <a href=\"https:\/\/www.rabelais32.org\/wp-content\/uploads\/2025\/09\/Rando-au-lac-de-SALAGOU-4-jours.pdf\" target=\"_blank\" rel=\"noopener\">Le SALAGOU<\/a> ; <a href=\"https:\/\/www.rabelais32.org\/wp-content\/uploads\/2025\/09\/Rando-decouverte-Vallee-du-Viaur-et-du-bassin-carmausin.pdf\">TARN vall\u00e9e du Viaur-bassin carmausin<\/a><\/em><\/strong><\/div>\n<div><\/div>\n<\/div>\n<div>*<\/div>\n<div><strong><em>Bulletin d&rsquo;inscription au club pour 2025-2026<\/em><\/strong>\u00a0:<a href=\"https:\/\/www.rabelais32.org\/wp-content\/uploads\/2025\/07\/Fiche-INSCRIPTION-Club-Sante-Seniors-AUCH-2025-2026.pdf\" target=\"_blank\" rel=\"noopener\"> <em><strong>ICI<\/strong><\/em><\/a><\/div>\n<div><\/div>\n<div>*<\/div>\n<div>\n<div><strong>Fiches 2FOPEN-JS pour 2025-2026\u00a0 : <em>adh\u00e9sion obligatoire pour toute activit\u00e9 ext\u00e9rieure au club :<br \/>\n<\/em><\/strong><\/div>\n<\/div>\n<div><\/div>\n<div>\n<div>*<\/div>\n<div><strong><em>Bulletin d&rsquo;inscription 2fopen pour 2025-2026 : <a href=\"https:\/\/www.rabelais32.org\/wp-content\/uploads\/2025\/07\/2025-2026_Fiche_individuelle_dadhesion_MGEN-2.pdf\" target=\"_blank\" rel=\"noopener\">ICI<\/a><\/em><\/strong><\/div>\n<div><\/div>\n<div>*<\/div>\n<div><strong><em>Certificat m\u00e9dical : <a href=\"https:\/\/www.rabelais32.org\/wp-content\/uploads\/2025\/07\/Certificat_medical_-2025-2026-2fopen.pdf\" target=\"_blank\" rel=\"noopener\">ICI<\/a><\/em><\/strong><\/div>\n<div><\/div>\n<div>*<\/div>\n<div><strong><em>Questionnaire de sant\u00e9 : <a href=\"https:\/\/www.rabelais32.org\/wp-content\/uploads\/2025\/07\/Questionnaire_Sante_CERFA_et_Attestation_F5_2FOPEN.pdf\" target=\"_blank\" rel=\"noopener\">ICI<\/a><\/em><\/strong><\/div>\n<div><\/div>\n<div>*<\/div>\n<div><strong><em>Bulletin d&rsquo;inscription R\u00e9union de rentr\u00e9e et go\u00fbter 17 septembre au Mouzon : <a href=\"https:\/\/www.rabelais32.org\/wp-content\/uploads\/2025\/07\/FICHE-inscription-reunion-de-rentree-septembre-2025.pdf\" target=\"_blank\" rel=\"noopener\">ICI<\/a><\/em><\/strong><\/div>\n<\/div>\n<div>\n<hr \/>\n<\/div>\n<div>\n<p><span style=\"color: #ff0000;\"><em><strong>INFORMATIONS pour l&rsquo;ANN\u00c9E 2024-2025 :<\/strong><\/em><\/span><\/p>\n<p><em><strong>Bilan comptable 2024 : <a href=\"https:\/\/www.rabelais32.org\/wp-content\/uploads\/2025\/04\/Bilan-Comptable-2024.pdf\" target=\"_blank\" rel=\"noopener\">ICI<\/a><\/strong><\/em><\/p>\n<p><span style=\"color: #800000;\"><em><strong>Projet sortie demi journ\u00e9e aux Jardins de Hillen le mercredi 28 mai 2025 : Bulletin d&rsquo;inscription :\u00a0 <a href=\"https:\/\/www.rabelais32.org\/wp-content\/uploads\/2025\/04\/Jardin-de-Hillen-Fiche-inscription.pdf\" target=\"_blank\" rel=\"noopener\">ICI<\/a><\/strong><\/em><\/span><\/p>\n<p><span style=\"color: #0000ff;\"><em><strong>R\u00e9union g\u00e9n\u00e9rale 30 avril 2025 lyc\u00e9e Pardailhan : Bulletin inscription \u00e0 retourner avant le 7 avril 2025 : <a href=\"https:\/\/www.rabelais32.org\/wp-content\/uploads\/2025\/03\/Reunion-Generale-du-Club-au-Lycee-Pardailhan-inscription.pdf\" target=\"_blank\" rel=\"noopener\">ICI<\/a><\/strong><\/em><\/span><\/p>\n<\/div>\n<p class=\"ox-d9f611d91b-text-build-content\"><span style=\"color: #0000ff;\"><em><strong>S\u00e9ance au tribunal d&rsquo;AUCH : jeudi 3 avril 2025 : Bulletin d&rsquo;inscription : <a href=\"https:\/\/www.rabelais32.org\/wp-content\/uploads\/2025\/03\/Seance-au-Tribunal-dAUCH.pdf\" target=\"_blank\" rel=\"noopener\">ICI<\/a><\/strong><\/em><\/span><\/p>\n<p>&nbsp;<\/p>\n<p class=\"ox-d9f611d91b-text-build-content\"><span style=\"color: #0000ff;\"><em><strong>Conf\u00e9rences pr\u00e9vues de janvier \u00e0 mars 2025 au club les mardis de 14h30 \u00e0 16h30 :<\/strong><\/em><\/span><\/p>\n<p class=\"ox-d9f611d91b-text-build-content\"><b>Mardi 28 janvier<\/b><strong> : Compte rendu voyage en Nouvelle \u00c9cosse par JP et MC RANSAN<\/strong><\/p>\n<p class=\"ox-d9f611d91b-text-build-content\"><strong>Mardi 4 f\u00e9vrier : Rencontre avec Robert SOURP autour de son livre \u00a0\u00ab\u00a0la Gascogne Gersoise\u00a0\u00bb<\/strong><\/p>\n<p class=\"ox-d9f611d91b-text-build-content\"><strong>Mardi 11 mars : La s\u00e9paration de l&rsquo;\u00c9glise et de l&rsquo;\u00c9tat dans le Gers par Mr MAURAS<\/strong><\/p>\n<p class=\"ox-d9f611d91b-text-build-content\"><strong>Mardi 18 mars : vos achats en toute s\u00e9curit\u00e9 par l&rsquo;Association \u00ab\u00a0que choisir Gers\u00a0\u00bb<\/strong><\/p>\n<div>\n<p><span style=\"color: #0000ff;\"><strong>Concert annuel \u00e9glise Saint Orens AUCH dimanche 16 f\u00e9vrier 2025 17h, \u00e9glise chauff\u00e9e, par l&rsquo;Atelier Vocal d&rsquo;AUCH : <a style=\"color: #0000ff;\" href=\"https:\/\/www.rabelais32.org\/wp-content\/uploads\/2025\/01\/affiche-AUCH-concert-A4-A3.pdf\" target=\"_blank\" rel=\"noopener\">ICI<\/a><\/strong><\/span><\/p>\n<p><strong><span style=\"color: #800000;\">Projets sorties CASTRES, SOREZE, REVEL (26 et 27 mars 2025) et MONTAUBAN ( 8 avril 2025) : D\u00e9tails\u00a0 : Castres <a href=\"https:\/\/www.rabelais32.org\/wp-content\/uploads\/2025\/01\/Visite-Castres-Soreze-Revel-PROGRAMME.pdf\" target=\"_blank\" rel=\"noopener\">ICI<\/a> ; Montauban :<a href=\"https:\/\/www.rabelais32.org\/wp-content\/uploads\/2025\/01\/MONTAUBAN-1-journee-programme.pdf\" target=\"_blank\" rel=\"noopener\"> ICI<\/a> .<\/span><\/strong><\/p>\n<p><strong><span style=\"color: #800000;\"> Bulletins d&rsquo;inscription : <a href=\"https:\/\/www.rabelais32.org\/wp-content\/uploads\/2025\/01\/SORTIES-FICHES-2025-bulletins-inscriptions.pdf\" target=\"_blank\" rel=\"noopener\">ICI<\/a><\/span><\/strong><\/p>\n<p>&nbsp;<\/p>\n<p><em><strong><span style=\"color: #993366;\">La r\u00e9union autour de la galette aura lieu au Mouzon \u00e0 AUCH le mardi14 janvier 2025 ( <a style=\"color: #993366;\" href=\"https:\/\/www.rabelais32.org\/wp-content\/uploads\/2024\/12\/2025-INSCRIPTI-Galette-.pdf\" target=\"_blank\" rel=\"noopener\">bulletin d&rsquo;inscription obligatoire\u00a0 ICI<\/a> \u00e0 retourner au club au plus tard le 10 d\u00e9cembre 2024)<\/span><\/strong><\/em><\/p>\n<p><em><span style=\"color: #800080;\"><strong>La r\u00e9union de rentr\u00e9e aura lieu le 17 septembre 2024 au lyc\u00e9e Pardailhan \u00e0 14h30 ( bulletin d&rsquo;inscription ICI )<\/strong><\/span><\/em><\/p>\n<p><span style=\"color: #0000ff;\"><strong>Calendrier des voyages et sorties pour 2024 2025 : <a href=\"https:\/\/www.rabelais32.org\/wp-content\/uploads\/2024\/08\/voyages-et-sorties-2024-2025.pdf\" target=\"_blank\" rel=\"noopener\">ICI<\/a><\/strong><\/span><\/p>\n<p><span style=\"color: #0000ff;\"><strong>Voyage autour des glaciers suisses du 10 au 14 f\u00e9vrier 2025 (15 personnes inscrites) :<\/strong><\/span><\/p>\n<p><em><strong><span style=\"color: #993300;\">Bulletin inscription glaciers suisses : <a href=\"https:\/\/www.rabelais32.org\/wp-content\/uploads\/2024\/08\/Bulletin-inscription-Magie-hivernale-WSUH02A.pdf\" target=\"_blank\" rel=\"noopener\">ICI<\/a><\/span><\/strong><\/em><\/p>\n<p><span style=\"color: #993300;\"><em><strong>Magie hivernale \u00e0 bord des trains suisses : <a href=\"https:\/\/www.rabelais32.org\/wp-content\/uploads\/2024\/08\/Magie-hivernale-a-bord-des-trains-suisses.pdf\" target=\"_blank\" rel=\"noopener\">ICI<\/a><\/strong><\/em><\/span><\/p>\n<p><em><strong><span style=\"color: #993300;\">Voyage accompagn\u00e9, assistance et garanties : <a href=\"https:\/\/www.rabelais32.org\/wp-content\/uploads\/2024\/08\/Voyage-accompagne-assistance-et-garanties-facultatives.pdf\" target=\"_blank\" rel=\"noopener\">ICI<\/a><\/span><\/strong><\/em><\/p>\n<\/div>\n<p>&nbsp;<\/p>\n<p><em><strong><span style=\"color: #0000ff;\">Conf\u00e9rence Glaciers IUT AUCH 16 octobre 2024 : <a href=\"https:\/\/www.rabelais32.org\/wp-content\/uploads\/2024\/10\/affiche-glaciers.pdf\" target=\"_blank\" rel=\"noopener\">ICI<\/a><\/span><\/strong><\/em><\/p>\n<p><em><strong><span style=\"color: #993300;\">Flyer pour inscription : <a href=\"https:\/\/www.rabelais32.org\/wp-content\/uploads\/2024\/10\/flyer-conference-glaciers-iut-auch.pdf\" target=\"_blank\" rel=\"noopener\">ICI<\/a><\/span><\/strong><\/em><\/p>\n<p>&nbsp;<\/p>\n<p><em><strong>\u00a0<span style=\"color: #800080;\">Voyage dans le LIMOUSIN : <a href=\"https:\/\/www.rabelais32.org\/wp-content\/uploads\/2024\/08\/Programme-Club-Sante-Seniors-Limousin-revu-good.pdf\" target=\"_blank\" rel=\"noopener\">ICI<\/a><\/span><\/strong><\/em><\/p>\n<p><em><strong><span style=\"color: #800080;\">\u00a0Bulletin d&rsquo;inscription : <a href=\"https:\/\/www.rabelais32.org\/wp-content\/uploads\/2024\/08\/BULLETIN-Dinscription-Limousin.pdf\" target=\"_blank\" rel=\"noopener\">ICI<\/a><\/span><\/strong><\/em><\/p>\n<p><strong><span style=\"color: #800080;\"><em>Pr\u00e9-inscrits : 21 personnes<\/em><\/span><\/strong><\/p>\n<p>&nbsp;<\/p>\n<p><em><strong>Randonn\u00e9es d\u00e9couverte :<\/strong><\/em><\/p>\n<p><em><strong>Toutes les propositions ci-dessous sont d\u00e9taill\u00e9es gr\u00e2ce aux liens correspondants\u00a0 \u00ab\u00a0ICI\u00a0\u00bb et de la m\u00eame fa\u00e7on sur les pages\u00a0 \u00ab\u00a0randonn\u00e9es-programmes\u00a0\u00bb et \u00ab\u00a0randonn\u00e9es d\u00e9couverte \u00ab\u00a0du site<\/strong><\/em><\/p>\n<p><strong>Autour du Pont du Gard : <a href=\"https:\/\/www.rabelais32.org\/wp-content\/uploads\/2024\/09\/pont-du-gard-programme-illustre_Randonne_e-2.pdf\" target=\"_blank\" rel=\"noopener\">ICI<\/a><\/strong><\/p>\n<p><strong>Autour du lac Salagou : <\/strong><a href=\"https:\/\/www.rabelais32.org\/wp-content\/uploads\/2024\/09\/Rando-au-lac-de-SALAGOU.pdf\" target=\"_blank\" rel=\"noopener\"><strong>I<\/strong><strong>CI<\/strong><\/a><\/p>\n<p>&nbsp;<\/p>\n<p><span style=\"color: #0000ff;\"><strong><em>Bulletin d&rsquo;inscription R\u00e9union de rentr\u00e9e et go\u00fbter : <a href=\"https:\/\/www.rabelais32.org\/wp-content\/uploads\/2024\/08\/bulletin-inscription-reunion-17-septembre.pdf\" target=\"_blank\" rel=\"noopener\">ICI<\/a><\/em><\/strong><\/span><\/p>\n<p><span style=\"color: #0000ff;\"><strong><em>Sortie canal du Midi le 8 octobre 2024: <a href=\"https:\/\/www.rabelais32.org\/wp-content\/uploads\/2024\/09\/canal-du-midi-bulletin-dinscription-complet.pdf\" target=\"_blank\" rel=\"noopener\">ICI<\/a><\/em><\/strong><\/span><\/p>\n<div>\n<p><strong><span style=\"color: #993300;\"><span style=\"color: #0000ff;\"><em>Sortie Toulouse, fondation Bemberg , mus\u00e9e des Arts pr\u00e9cieux le 19 novembre 2024 : <a href=\"https:\/\/www.rabelais32.org\/wp-content\/uploads\/2024\/09\/TOULOUSE-Visite.pdf\" target=\"_blank\" rel=\"noopener\">ICI<\/a> <\/em><\/span><\/span><\/strong><\/p>\n<p><span style=\"color: #ff6600;\"><strong><em>Inscriptions le 17 septembre 2024<\/em><\/strong><\/span><\/p>\n<p><strong><span style=\"color: #993300;\"><span style=\"color: #0000ff;\"><em>Bulletin d&rsquo;inscription ballet Halle aux grains<\/em><\/span><\/span><\/strong>: <a href=\"https:\/\/www.rabelais32.org\/wp-content\/uploads\/2024\/07\/BALLET-Halle-aux-grains-INSCRIPTION.pdf\" target=\"_blank\" rel=\"noopener\">ICI<\/a><\/p>\n<p><em><span style=\"color: #ff6600;\"><strong>Chansons dans\u00e9es : <a href=\"https:\/\/www.rabelais32.org\/wp-content\/uploads\/2024\/09\/Chansons-dansees-Toulouse.pdf\" target=\"_blank\" rel=\"noopener\">programme<\/a><\/strong><\/span><\/em><\/p>\n<hr \/>\n<\/div>\n<div><span style=\"color: #0000ff;\"><strong><em>Bulletin d&rsquo;inscription au club pour 2024-2025<\/em><\/strong> <\/span>: <a href=\"https:\/\/www.rabelais32.org\/wp-content\/uploads\/2024\/07\/Fiche-INSCRIPTION-Club-Sante-Seniors-AUCH-2024-2025-2.pdf\" target=\"_blank\" rel=\"noopener\"><em><strong>ICI<\/strong><\/em><\/a><\/div>\n<div><\/div>\n<div>\n<hr \/>\n<\/div>\n<div><strong><span style=\"color: #800000;\">Fiches 2FOPEN-JS pour 2024-2025\u00a0 : <\/span><em><span style=\"color: #800000;\">adh\u00e9sion obligatoire pour toute activit\u00e9 ext\u00e9rieure au club :<\/span><br \/>\n<\/em><\/strong><\/div>\n<div><\/div>\n<div><strong><em>Bulletin d&rsquo;inscription 2fopen pour 2024-2025 : <a href=\"https:\/\/www.rabelais32.org\/wp-content\/uploads\/2024\/07\/2024-2025_Fiche_individuelle_dadhesion_MGEN.pdf\" target=\"_blank\" rel=\"noopener\">ICI<\/a><\/em><\/strong><\/div>\n<div><\/div>\n<div><strong><em>Certificat m\u00e9dical : <a href=\"https:\/\/www.rabelais32.org\/wp-content\/uploads\/2024\/07\/Certificat_medical_pour-2fopen.pdf\" target=\"_blank\" rel=\"noopener\">ICI<\/a><\/em><\/strong><\/div>\n<div><\/div>\n<div><strong><em>Questionnaire de sant\u00e9 : <a href=\"https:\/\/www.rabelais32.org\/wp-content\/uploads\/2024\/07\/2024-2025_Questionnaire_Sante_CERFA_et_Attestation_F5_2FOPEN.pdf\" target=\"_blank\" rel=\"noopener\">ICI<\/a><\/em><\/strong><\/div>\n<div><\/div>\n<div>\n<hr \/>\n<\/div>\n<div>\n<p><strong>Sondage propositions 2024-2025\u00a0 :<a href=\"https:\/\/www.rabelais32.org\/wp-content\/uploads\/2024\/05\/fiche-souhaits-adherents-projets-2025.pdf\" target=\"_blank\" rel=\"noopener\"> ICI<\/a><\/strong><\/p>\n<p><span style=\"color: #800000;\"><strong>calendrier des projets retenus suite au sondage : <a href=\"https:\/\/www.rabelais32.org\/wp-content\/uploads\/2024\/07\/Calendrier-projets-2024-2025.pdf\" target=\"_blank\" rel=\"noopener\">ICI<\/a><\/strong><\/span><\/p>\n<hr \/>\n<p><strong><span style=\"color: #ff0000;\">Ann\u00e9e 2023-2024 :<\/span><\/strong><\/p>\n<p><strong>Propositions pour\u00a0 fin ann\u00e9e 2024 et ann\u00e9e 2025\u00a0\u00a0 \u00e9voqu\u00e9es \u00e0 la r\u00e9union g\u00e9n\u00e9rale du 3 mai \u00e0 consulter et soumises \u00e0 vos avis pour concr\u00e9tisations :<\/strong><\/p>\n<p><span style=\"color: #0000ff;\"><em><strong>Sorties de 1 \u00e0 2 jours en France<\/strong><\/em><\/span>: <strong>lien<\/strong>\u00a0 <a href=\"https:\/\/www.rabelais32.org\/wp-content\/uploads\/2024\/05\/Visites-et-sorties-2024-2025.pdf\" target=\"_blank\" rel=\"noopener\"><strong>ICI<\/strong><\/a><\/p>\n<p><strong>Le Tarn : Carmausin-S\u00e9gala : <a href=\"https:\/\/www.rabelais32.org\/wp-content\/uploads\/2024\/05\/CARMAUSIN-ET-SEGALA.pdf\" target=\"_blank\" rel=\"noopener\">ICI<\/a><\/strong> <strong>(envisag\u00e9 ult\u00e9rieurement)<\/strong><\/p>\n<\/div>\n<div>\n<p><em><span style=\"color: #0000ff;\"><strong>Voyages<br \/>\n<\/strong><\/span><\/em><\/p>\n<p><span style=\"color: #ff0000;\"><em><strong>Toutes les propositions ci-dessous sont d\u00e9taill\u00e9es gr\u00e2ce aux liens correspondants \u00ab\u00a0ICI\u00a0\u00bb ou \u00ab\u00a0textes en bleu\u00a0\u00bb et de la m\u00eame fa\u00e7on la page \u00ab\u00a0voyages-programmes\u00a0\u00bb du site<\/strong><\/em><\/span><\/p>\n<p><span style=\"color: #008000;\"><em><strong>en France :<\/strong><\/em><\/span><\/p>\n<p><strong>\u00a0S\u00e9jour dans le Limousin : <a href=\"https:\/\/www.rabelais32.org\/wp-content\/uploads\/2024\/05\/Region-du-Limousin-en-France.pdf\">ICI<\/a><\/strong><\/p>\n<p><strong>S\u00e9jour en P\u00e9rigord<\/strong> : <a href=\"https:\/\/www.rabelais32.org\/wp-content\/uploads\/2024\/05\/Les-couleurs-du-Pe_rigord.-programme.pdf\" target=\"_blank\" rel=\"noopener\"><strong>ICI<\/strong><\/a><\/p>\n<p><span style=\"color: #008000;\"><em><strong>\u00a0\u00e0 l&rsquo;\u00e9tranger :<\/strong><\/em><\/span><\/p>\n<p><strong>La <a href=\"https:\/\/www.rabelais32.org\/wp-content\/uploads\/2024\/05\/9-incontournables-en-Slovenie-en-2024.pdf\" target=\"_blank\" rel=\"noopener\">Slov\u00e9nie<\/a> : <a href=\"https:\/\/www.rabelais32.org\/wp-content\/uploads\/2024\/05\/Slovenie-Gallia.pdf\" target=\"_blank\" rel=\"noopener\">un exemple<\/a> ,<\/strong><\/p>\n<p><strong> l&rsquo;<a href=\"https:\/\/www.havas-voyages.fr\/p-circuit\/albanie-0-magie-de-lalbanie-8j-7n-limite-a-18-pers-554062.html#ref_dd=07&amp;ref_dmy=10\/2024&amp;ref_aj=0&amp;ref_minMan=7,7&amp;ref_mmd=8,8&amp;ref_dpci=PAR\" target=\"_blank\" rel=\"noopener\">Albanie<\/a>, <\/strong><\/p>\n<p><strong>la <a href=\"https:\/\/www.rabelais32.org\/wp-content\/uploads\/2024\/05\/Venistrie.pdf\" target=\"_blank\" rel=\"noopener\">Venistrie<\/a><\/strong><\/p>\n<p><strong>Les <a href=\"https:\/\/www.verdie-voyages.com\/version-decouverte\/circuit-suisse-1209\" target=\"_blank\" rel=\"noopener\">glaciers suisses magie hivernale<\/a><\/strong><\/p>\n<p><a href=\"https:\/\/www.verdie-voyages.com\/version-decouverte\/circuit-chypre-568\" target=\"_blank\" rel=\"noopener\"><strong>Chypre :<\/strong><\/a><\/p>\n<p><strong>La <a href=\"https:\/\/www.verdie-voyages.com\/version-decouverte\/circuit-espagne-194\" target=\"_blank\" rel=\"noopener\">Cantabrie<\/a><\/strong><\/p>\n<p><strong>Le Canada , <a href=\"https:\/\/www.rabelais32.org\/wp-content\/uploads\/2024\/05\/VOY_VOYAGES_Canada.pdf\" target=\"_blank\" rel=\"noopener\">un exemple<\/a><br \/>\n<\/strong><\/p>\n<p>&nbsp;<\/p>\n<p><em><strong>R\u00e9<\/strong><strong>union g\u00e9n\u00e9rale vendredi 3 mai 2024 , bulletin d&rsquo;inscription : <a href=\"https:\/\/www.rabelais32.org\/wp-content\/uploads\/2024\/04\/R\u00e9union-G\u00e9n\u00e9rale-2024-INSCRIPTION.pdf\" target=\"_blank\" rel=\"noopener\">ICI<\/a><\/strong><\/em><\/p>\n<p><em><strong>Calendrier projets activit\u00e9s, sorties 2024 : <a href=\"https:\/\/www.rabelais32.org\/wp-content\/uploads\/2024\/01\/projet-2024-Club-Sant\u00e9-s\u00e9niors-Rabelais-32-Ann\u00e9e-2024-1.pdf\" target=\"_blank\" rel=\"noopener noreferrer\">ICI<\/a><\/strong><\/em><\/p>\n<p><em><strong>Bulletins inscriptions sorties 2024 \u00e0 retourner avant le 9 f\u00e9vrier : <a href=\"https:\/\/www.rabelais32.org\/wp-content\/uploads\/2024\/01\/Bulletins-dinscription-sorties-2024.pdf\" target=\"_blank\" rel=\"noopener noreferrer\">ICI<\/a><\/strong><\/em><\/p>\n<p><em><strong>Projet interg\u00e9n\u00e9rationnel : <a href=\"https:\/\/www.rabelais32.org\/wp-content\/uploads\/2024\/01\/Projet-cohabitation-interg\u00e9n\u00e9rationnelle-solidaire.pdf\" target=\"_blank\" rel=\"noopener noreferrer\">ICI<\/a><\/strong><\/em><\/p>\n<p>&nbsp;<\/p>\n<p><strong>Le bulletin 139 pour impression est publi\u00e9 : <a href=\"https:\/\/www.rabelais32.org\/wp-content\/uploads\/2023\/12\/bulletin-139-pour-impression.pdf\" target=\"_blank\" rel=\"noopener noreferrer\">ICI<\/a><\/strong><\/p>\n<p><strong>Galette au lyc\u00e9e Pardailhan : mardi 23 janvier 2024 apr\u00e8s- midi :<\/strong><\/p>\n<p><strong> coupon d&rsquo;inscription \u00e0 retourner avant le 9 janvier 2024 :<a href=\"https:\/\/www.rabelais32.org\/wp-content\/uploads\/2023\/12\/Galette-au-Lyc\u00e9e-Pardailhan-le-Mardi-23-Janvier-2024-\u00e0-14-h.pdf\" target=\"_blank\" rel=\"noopener noreferrer\"> ICI<\/a><\/strong><\/p>\n<p>&nbsp;<\/p>\n<p style=\"text-align: center;\"><span style=\"color: #800000;\"><strong>La r\u00e9daction des directives anticip\u00e9es<\/strong><\/span><\/p>\n<p style=\"text-align: center;\"><a href=\"https:\/\/www.rabelais32.org\/wp-content\/uploads\/2023\/11\/8ace3f310346-directives-anticipees.jpg\" target=\"_blank\" rel=\"noopener noreferrer\"><img loading=\"lazy\" decoding=\"async\" class=\" wp-image-13461 alignleft\" src=\"https:\/\/www.rabelais32.org\/wp-content\/uploads\/2023\/11\/8ace3f310346-directives-anticipees-212x300.jpg\" alt=\"\" width=\"196\" height=\"278\" srcset=\"https:\/\/www.rabelais32.org\/wp-content\/uploads\/2023\/11\/8ace3f310346-directives-anticipees-212x300.jpg 212w, https:\/\/www.rabelais32.org\/wp-content\/uploads\/2023\/11\/8ace3f310346-directives-anticipees.jpg 424w\" sizes=\"auto, (max-width: 196px) 100vw, 196px\" \/><\/a><a href=\"https:\/\/www.rabelais32.org\/wp-content\/uploads\/2023\/11\/directives-fin-de-vie-\u00e0-cocher.jpg\" target=\"_blank\" rel=\"noopener noreferrer\"><img loading=\"lazy\" decoding=\"async\" class=\" wp-image-13464 alignright\" src=\"https:\/\/www.rabelais32.org\/wp-content\/uploads\/2023\/11\/directives-fin-de-vie-\u00e0-cocher-212x300.jpg\" alt=\"\" width=\"203\" height=\"287\" srcset=\"https:\/\/www.rabelais32.org\/wp-content\/uploads\/2023\/11\/directives-fin-de-vie-\u00e0-cocher-212x300.jpg 212w, https:\/\/www.rabelais32.org\/wp-content\/uploads\/2023\/11\/directives-fin-de-vie-\u00e0-cocher-725x1024.jpg 725w, https:\/\/www.rabelais32.org\/wp-content\/uploads\/2023\/11\/directives-fin-de-vie-\u00e0-cocher-768x1085.jpg 768w, https:\/\/www.rabelais32.org\/wp-content\/uploads\/2023\/11\/directives-fin-de-vie-\u00e0-cocher.jpg 906w\" sizes=\"auto, (max-width: 203px) 100vw, 203px\" \/><\/a><\/p>\n<p>&nbsp;<\/p>\n<p>&nbsp;<\/p>\n<p>&nbsp;<\/p>\n<p style=\"text-align: center;\">Suite \u00e0 l&rsquo;atelier d&rsquo;aide aux directives anticip\u00e9es du mercredi 8 novembre 2023 , Mme Annick\u00a0 Grateloup met \u00e0 la disposition de l&rsquo;ensemble des adh\u00e9rents , toute la documentation qu&rsquo;elle a d\u00e9taill\u00e9e . Nous l&rsquo;en remercions tr\u00e8s sinc\u00e8rement :<\/p>\n<\/div>\n<p>&nbsp;<\/p>\n<p>&nbsp;<\/p>\n<p>&nbsp;<\/p>\n<p>&nbsp;<\/p>\n<p>&nbsp;<\/p>\n<p>&nbsp;<\/p>\n<p>&nbsp;<\/p>\n<p>&nbsp;<\/p>\n<p>&nbsp;<\/p>\n<ul>\n<li><strong>Le diaporama de Mme Grateloup : directives anticip\u00e9es CONDENSE :\u00a0<a href=\"https:\/\/www.rabelais32.org\/wp-content\/uploads\/2023\/11\/Les-directives-anticip\u00e9es-CONDENSE.pdf\" target=\"_blank\" rel=\"noopener noreferrer\">ICI<\/a><\/strong><\/li>\n<\/ul>\n<p>&nbsp;<\/p>\n<ul>\n<li><strong>guide des directives anticip\u00e9es :<\/strong><a href=\"https:\/\/www.rabelais32.org\/wp-content\/uploads\/2023\/11\/guide-directives-anticip\u00e9es-2020.pdf\" target=\"_blank\" rel=\"noopener noreferrer\"><strong> ICI<\/strong><\/a><\/li>\n<\/ul>\n<p>&nbsp;<\/p>\n<ul>\n<li><strong>Formulaire du gouvernement pour r\u00e9daction des directives anticip\u00e9es : <a href=\"https:\/\/www.rabelais32.org\/wp-content\/uploads\/2023\/11\/2023_04_modele_directives_anticipees-gouv.pdf\" target=\"_blank\" rel=\"noopener noreferrer\">ICI<\/a><\/strong><\/li>\n<\/ul>\n<p>&nbsp;<\/p>\n<ul>\n<li><strong>Autre formulaire : <\/strong><a href=\"https:\/\/www.rabelais32.org\/wp-content\/uploads\/2023\/11\/fomulaire_de_directives_anticipees_valide_en_ciap.pdf\" target=\"_blank\" rel=\"noopener noreferrer\"><strong>ICI<\/strong><\/a><\/li>\n<\/ul>\n<p>&nbsp;<\/p>\n<ul>\n<li><strong>Mod\u00e8le ADMD :<a href=\"https:\/\/www.rabelais32.org\/wp-content\/uploads\/2023\/11\/Directives-anticip\u00e9es-ADMD.pdf\" target=\"_blank\" rel=\"noopener noreferrer\"> ICI<\/a><\/strong><\/li>\n<\/ul>\n<p>&nbsp;<\/p>\n<ul>\n<li><strong>Fiche d&rsquo;inscription au club<\/strong> : <a href=\"https:\/\/www.rabelais32.org\/wp-content\/uploads\/2023\/08\/Fiche-INSCRIPTION-Club-Sant\u00e9-Seniors-AUCH-2023-2024-2.pdf\" target=\"_blank\" rel=\"noopener noreferrer\"><em><strong>ICI<\/strong><\/em><\/a><\/li>\n<li><strong><span style=\"color: #ff0000;\">Proc\u00e9dure d&rsquo;inscription ann\u00e9e 2023 2024 et <span style=\"color: #000000;\">bulletin d&rsquo;<\/span> <span style=\"color: #000000;\">inscription r\u00e9union de rentr\u00e9e<\/span>\u00a0 : <a href=\"https:\/\/www.rabelais32.org\/wp-content\/uploads\/2023\/08\/Procedure-Inscription23-24-AUCH.pdf\" target=\"_blank\" rel=\"noopener noreferrer\"><em>ICI<\/em><\/a><\/span><\/strong><\/li>\n<\/ul>\n<p>&nbsp;<\/p>\n<ul>\n<li>\n<div><strong>Fiches 2FOPEN-JS : <span style=\"color: #0000ff;\"><em>adh\u00e9sion obligatoire pour toute activit\u00e9 ext\u00e9rieure au club<\/em><\/span><br \/>\n<\/strong><\/div>\n<div>1-Fiche d&rsquo;adh\u00e9sion : <a href=\"https:\/\/www.rabelais32.org\/wp-content\/uploads\/2023\/08\/2023-2024_Fiche_individuelle_dadhesion_MGEN2FOPEN.pdf\" target=\"_blank\" rel=\"noopener noreferrer\"><em><strong>ICI<\/strong><\/em><\/a><\/div>\n<div>2-Certificat m\u00e9dical :<a href=\"https:\/\/www.rabelais32.org\/wp-content\/uploads\/2023\/08\/Certificat_medical_pour-2fopen.pdf\" target=\"_blank\" rel=\"noopener noreferrer\"><em><strong> ICI<\/strong><\/em><\/a><\/div>\n<p>3- Questionnaire de sant\u00e9 : <a href=\"https:\/\/www.rabelais32.org\/wp-content\/uploads\/2023\/08\/2023-2024_Questionnaire_Sante_CERFA_et_Attestation_F5_2FOPEN.pdf\" target=\"_blank\" rel=\"noopener noreferrer\"><strong><em>ICI<\/em><\/strong><\/a><\/li>\n<\/ul>\n<p style=\"text-align: left;\">\u00a0\u00a0\u00a0\u00a0<strong>\u00a0 4-<span style=\"color: #ff0000;\"> Fiche explicative \u00ab\u00a0sp\u00e9cimen\u00a0\u00bb pour remplir la fiche d&rsquo;adh\u00e9sion : <a href=\"https:\/\/www.rabelais32.org\/wp-content\/uploads\/2023\/08\/Fiche-explicative-remplissage-2fopen.pdf\" target=\"_blank\" rel=\"noopener noreferrer\"><em>ICI<\/em><\/a><\/span><\/strong><\/p>\n<p><strong><span style=\"color: #ff6600;\"><em>Rappel : mode d&#8217;emploi pour faire un commentaire sur un article<\/em><\/span><em> : <a href=\"https:\/\/www.rabelais32.org\/wp-content\/uploads\/2023\/04\/Ecrivez-votre-message-en-commentaire.pdf\" target=\"_blank\" rel=\"noopener noreferrer\">ICI<\/a><\/em><\/strong><\/p>\n<div>\n<p><span style=\"color: #ff0000;\"><strong>Ann\u00e9e 2022-2023<\/strong><\/span><\/p>\n<p><strong><em><span style=\"color: #ff6600;\">Mode d&#8217;emploi pour faire un commentaire sur un article<\/span> : <a href=\"https:\/\/www.rabelais32.org\/wp-content\/uploads\/2023\/04\/Ecrivez-votre-message-en-commentaire.pdf\" target=\"_blank\" rel=\"noopener noreferrer\">ICI<\/a><\/em><\/strong><\/p>\n<p><strong>Le bulletin 138 pour impression est publi\u00e9 :<a href=\"https:\/\/www.rabelais32.org\/wp-content\/uploads\/2023\/03\/bulletin-138-pour-impression.pdf\" target=\"_blank\" rel=\"noopener noreferrer\"> ICI<\/a><\/strong><\/p>\n<p><span style=\"color: #339966;\"><strong>Bulletin d&rsquo;inscription \u00e0 la R\u00e9union G\u00e9n\u00e9rale du 4 avril 223 :<a style=\"color: #339966;\" href=\"https:\/\/www.rabelais32.org\/wp-content\/uploads\/2023\/03\/2023-INSCRIPTION-r\u00e9union-g\u00e9n\u00e9rale-4-Avril.pdf\" target=\"_blank\" rel=\"noopener noreferrer\"> ICI<\/a><\/strong><\/span><\/p>\n<p><span style=\"color: #0000ff;\"><strong>Conf\u00e9rence du 18 avril sur la rafle des juifs dans le Gers\u00a0 , documentation de Mr Mauras : <a style=\"color: #0000ff;\" href=\"https:\/\/www.rabelais32.org\/wp-content\/uploads\/2023\/03\/rafle-gers-scaled.jpeg\" target=\"_blank\" rel=\"noopener noreferrer\">ici<\/a><\/strong><\/span><\/p>\n<p><span style=\"color: #339966;\"><strong>Bulletin n\u00b0 137 version imprimable : <a href=\"https:\/\/www.rabelais32.org\/wp-content\/uploads\/2022\/12\/bulletin-137-pour-impression-.pdf\" target=\"_blank\" rel=\"noopener noreferrer\">ICI<\/a><\/strong><\/span><\/p>\n<p><span style=\"color: #339966;\"><strong>Galette au lyc\u00e9e Pardailhan : mardi 24 janvier 2023 apr\u00e8s- midi : coupon d&rsquo;inscription :<a href=\"https:\/\/www.rabelais32.org\/wp-content\/uploads\/2022\/12\/2023-Coupons-INSCRIPTI-.pdf\" target=\"_blank\" rel=\"noopener noreferrer\"> ICI<\/a><\/strong><\/span><\/p>\n<p><strong><span style=\"color: #800080;\"> R\u00e9union du 4 octobre 2022 pot de rentr\u00e9e : d\u00e9roul\u00e9 de la r\u00e9union et projets \u00e9voqu\u00e9s<\/span> : <a href=\"https:\/\/www.rabelais32.org\/wp-content\/uploads\/2022\/11\/r\u00e9union-4-octobre-2022-pot-de-rentr\u00e9e-.pdf\" target=\"_blank\" rel=\"noopener noreferrer\">ICI<\/a><\/strong><\/p>\n<hr \/>\n<\/div>\n<div>\n<ul>\n<li><strong>Fiche d&rsquo;inscription au club<\/strong> :<a href=\"https:\/\/www.rabelais32.org\/wp-content\/uploads\/2022\/10\/Fiche-INSCRIPTION-Club-Sant\u00e9-Seniors-AUCH-2022-2023.pdf\" target=\"_blank\" rel=\"noopener noreferrer\"> ICI<\/a><\/li>\n<li>\n<div><strong><span style=\"color: #ff0000;\">Fiches 2FOPEN-JS : <em>adh\u00e9sion obligatoire pour toute activit\u00e9 ext\u00e9rieure au club<\/em><\/span><br \/>\n<\/strong><\/div>\n<div>1-Tarification : <a href=\"https:\/\/www.rabelais32.org\/wp-content\/uploads\/2022\/10\/2022-2023-Tarif-licences-2FOPEN.pdf\" target=\"_blank\" rel=\"noopener noreferrer\">ICI<\/a><\/div>\n<div>2-Fiche d&rsquo;adh\u00e9sion : <a href=\"https:\/\/www.rabelais32.org\/wp-content\/uploads\/2022\/10\/2022-2023_Fiche_individuelle_d-adhesion_MGEN.pdf\" target=\"_blank\" rel=\"noopener noreferrer\">ICI<\/a><\/div>\n<div>3-Certificat m\u00e9dical : <a href=\"https:\/\/www.rabelais32.org\/wp-content\/uploads\/2021\/09\/Certificat_medical_2021-2022.pdf\" target=\"_blank\" rel=\"noopener noreferrer\">ICI<\/a><\/div>\n<\/li>\n<li><span style=\"color: #ff00ff;\"><strong> Fiche souhaits projets2023 : <a href=\"https:\/\/www.rabelais32.org\/wp-content\/uploads\/2022\/10\/fiche-souhaits-adh\u00e9rents-projets-2023.pdf\" target=\"_blank\" rel=\"noopener noreferrer\">ICI<\/a><\/strong><\/span><\/li>\n<\/ul>\n<\/div>\n<div><span style=\"color: #800080;\">\u00a0\u00a0\u00a0 <\/span><\/div>\n<div><\/div>\n<div><strong><span style=\"color: #ff0000;\">Ann\u00e9e 2021-2022<\/span><\/strong><\/div>\n<div>\n<p><strong>Information roman-photo Benoit VIDAL : <a href=\"https:\/\/www.rabelais32.org\/wp-content\/uploads\/2022\/05\/Invitation-lecture-B.Vidal_.pdf\" target=\"_blank\" rel=\"noopener noreferrer\">ICI<\/a><\/strong><\/p>\n<p><span style=\"color: #339966;\"><strong>Le bulletin 136 pour impression est publi\u00e9 : <a href=\"https:\/\/www.rabelais32.org\/wp-content\/uploads\/2022\/03\/bulletin-136-pour-impression.pdf\" target=\"_blank\" rel=\"noopener noreferrer\">ICI<\/a><\/strong><\/span><\/p>\n<\/div>\n<div><\/div>\n<div>Vous trouverez les bulletins d&rsquo;inscriptions aux activit\u00e9s du <strong>mois de mars<\/strong>\u00a0: <a href=\"https:\/\/www.rabelais32.org\/wp-content\/uploads\/2022\/03\/bulletins-mars-inscriptions.pdf\" target=\"_blank\" rel=\"noopener noreferrer\"><strong>ICI<\/strong><\/a><\/div>\n<div>et celui pour <span style=\"color: #3366ff;\"><em><span style=\"color: #0000ff;\"><strong>l<\/strong><strong>a R\u00e9union G\u00e9n\u00e9rale pr\u00e9vue le mardi 5 avril<\/strong><\/span><\/em><\/span> au lyc\u00e9e Pardailhan : <a href=\"https:\/\/www.rabelais32.org\/wp-content\/uploads\/2022\/03\/bulletin-r\u00e9union-5-avril.pdf\" target=\"_blank\" rel=\"noopener noreferrer\"><strong>ICI<\/strong><\/a><\/div>\n<div>\n<hr \/>\n<\/div>\n<div><strong>&#8230;&#8230;&#8230;&#8230;&#8230;&#8230;&#8230;&#8230;&#8230;&#8230;&#8230;&#8230;&#8230;&#8230;&#8230;&#8230;&#8230;&#8230;&#8230;&#8230;&#8230;&#8230;&#8230;&#8230;&#8230;&#8230;&#8230;&#8230;&#8230;&#8230;&#8230;&#8230;&#8230;&#8230;&#8230;&#8230;&#8230;&#8230;&#8230;&#8230;&#8230;&#8230;&#8230;&#8230;&#8230;&#8230;&#8230;&#8230;&#8230;&#8230;&#8230;&#8230;&#8230;&#8230;&#8230;&#8230;&#8230;&#8230;&#8230;&#8230;&#8230;&#8230;&#8230;&#8230;&#8230;&#8230;&#8230;&#8230;..<\/strong><\/div>\n<div><\/div>\n<p style=\"text-align: center;\"><span style=\"color: #ff0000;\"><strong>Attention aux Prolongations.<\/strong><\/span><\/p>\n<p style=\"text-align: center;\"><em><strong>Par d\u00e9cision de la<u> Mgen nationale<\/u> <\/strong><\/em><br \/>\n<em><strong>le local du club est maintenu ferm\u00e9<\/strong><\/em><br \/>\n<em><strong>jusqu\u2019au 28 f\u00e9vrier 2022.<\/strong><\/em><\/p>\n<p style=\"text-align: center;\"><em><span style=\"color: #339966;\"><strong>Les activit\u00e9s du Club sont h\u00e9las suspendues<\/strong>.<\/span><\/em><\/p>\n<p>&nbsp;<\/p>\n<ul>\n<li><strong>Projets de conf\u00e9rences, sorties , voyage : <a href=\"https:\/\/www.rabelais32.org\/wp-content\/uploads\/2021\/12\/Informations-projets-pour-2022.pdf\" target=\"_blank\" rel=\"noopener noreferrer\">ICI<\/a><\/strong><strong> \u00a0\u00a0\u00a0 Bulletin de pr\u00e9-inscriptions : <a href=\"https:\/\/www.rabelais32.org\/wp-content\/uploads\/2021\/12\/BULLETIN-PRE-INSCRIPTION-futurs-projets.pdf\" target=\"_blank\" rel=\"noopener noreferrer\">ICI<\/a><\/strong><\/li>\n<\/ul>\n<div>\n<p>Nous regrettons d\u2019avoir \u00e0 reporter \u00e0 des dates ult\u00e9rieures les projets pr\u00e9vus en janvier et f\u00e9vrier ainsi que la reprise des activit\u00e9s dans notre local. Nous esp\u00e9rons pouvoir repartir d\u00e8s le 7 \u00a0mars.<\/p>\n<p>Nous vous tiendrons inform\u00e9s au plus vite des changements de dates en fonction de la disponibilit\u00e9 des intervenants.<\/p>\n<p>La conf\u00e9rence anim\u00e9e par <strong>Alain Charollais<\/strong> est pour l\u2019instant maintenue \u00a0et aura lieu en principe <strong>le 29 mars<\/strong>\u00a0;\u00a0 le th\u00e8me abord\u00e9 sera finalement\u00a0:\u00a0\u00ab\u00a0<strong>Quand De Gaulle changeait l\u2019argent des fran\u00e7ais\u00a0: juin 1945\u00a0\u00bb.<\/strong><\/p>\n<p>&nbsp;<\/p>\n<p>En ce qui concerne\u00a0 la <strong>journ\u00e9e \u00e0 Toulouse, elle est\u00a0 pr\u00e9vue le 10 mars 2022<\/strong>, la matin\u00e9e sera occup\u00e9e par la visite guid\u00e9e dans la ville intitul\u00e9e <strong>\u00ab\u00a0Sur les pas de Nougaro\u00a0\u00bb<\/strong> et apr\u00e8s le restaurant nous terminerons par l\u2019exposition au mus\u00e9e des Arts Pr\u00e9cieux Paul Dupuy \u00a0sur\u00a0 les \u00ab\u00a0Arts de l\u2019Islam\u00a0\u00bb .<\/p>\n<p><strong>Programme<\/strong> : : <a href=\"https:\/\/www.rabelais32.org\/wp-content\/uploads\/2022\/03\/Proramme-visite-Toulouse-jeudi-10-mars-2022.pdf\" target=\"_blank\" rel=\"noopener noreferrer\"><strong>ICI<\/strong><\/a> .<\/p>\n<p><strong>Le tarif\u00a0 est de 57\u20ac.<\/strong><\/p>\n<p>&nbsp;<\/p>\n<p><strong>\u00a0N\u00e9rac et Barbaste le 20 avril 2022 : informations, programme : <a href=\"https:\/\/www.rabelais32.org\/wp-content\/uploads\/2022\/03\/Devis-et-Programme-N\u00e9rac.pdf\" target=\"_blank\" rel=\"noopener noreferrer\">ICI<\/a><\/strong><\/p>\n<p><strong>Les grottes de Gargas et Saint Bertrand de Comminges<\/strong>, <strong>le 10 juin 2022 :\u00a0<\/strong> <strong>informations, programme : <a href=\"https:\/\/www.rabelais32.org\/wp-content\/uploads\/2022\/03\/Devis-et-Programme-Gargas.pdf\" target=\"_blank\" rel=\"noopener noreferrer\">ICI\u00a0<\/a><\/strong> .<\/p>\n<p>&nbsp;<\/p>\n<\/div>\n<div><\/div>\n<ul>\n<li><strong>le bulletin135 au format A4 pour impression est\u00a0 <a href=\"https:\/\/www.rabelais32.org\/wp-content\/uploads\/2021\/11\/bulletin-135-pour-impression.pdf\" target=\"_blank\" rel=\"noopener noreferrer\">ICI<\/a><br \/>\n<\/strong><\/li>\n<\/ul>\n<div><\/div>\n<ul>\n<li>Compte rendu de la r\u00e9union du 15 septembre\u00a0 2021 \u00e0 la section d\u00e9partementale avec la Pr\u00e9sidente Maryse Lacaze :<a href=\"https:\/\/www.rabelais32.org\/wp-content\/uploads\/2021\/09\/Clubs-Sant\u00e9-S\u00e9niors-MGEN-15092021.pdf\" target=\"_blank\" rel=\"noopener noreferrer\"> ICI<\/a><\/li>\n<\/ul>\n<div><\/div>\n<div><\/div>\n<ul>\n<li><strong>Bulletin d&rsquo;inscription au club<\/strong> : <a href=\"https:\/\/www.rabelais32.org\/wp-content\/uploads\/2021\/10\/Fiche-INSCRIPTION-Club-Sant\u00e9-Seniors-AUCH-revue.pdf\" target=\"_blank\" rel=\"noopener noreferrer\">ICI<\/a><\/li>\n<\/ul>\n<div><\/div>\n<div><strong>Fiches 2FOPEN-JS : <em><span style=\"color: #ff0000;\">adh\u00e9sion obligatoire pour toute activit\u00e9 ext\u00e9rieure au club<\/span><\/em><br \/>\n<\/strong><\/div>\n<div>1-Tarification : <a href=\"https:\/\/www.rabelais32.org\/wp-content\/uploads\/2021\/09\/2021-2022_Tarification_licences_et_affiliations_2FOPEN-1-1.pdf\" target=\"_blank\" rel=\"noopener noreferrer\">ICI<\/a><\/div>\n<div>2-Fiche d&rsquo;adh\u00e9sion : <a href=\"https:\/\/www.rabelais32.org\/wp-content\/uploads\/2021\/09\/2021-2022_Fiche-adhesion_MGEN-2FOPEN-1.pdf\" target=\"_blank\" rel=\"noopener noreferrer\">ICI<\/a><\/div>\n<div>3-Certificat m\u00e9dical : <a href=\"https:\/\/www.rabelais32.org\/wp-content\/uploads\/2021\/09\/Certificat_medical_2021-2022.pdf\" target=\"_blank\" rel=\"noopener noreferrer\">ICI<\/a><\/div>\n<div><\/div>\n<div>\n<hr \/>\n<\/div>\n<div><strong><span style=\"color: #800000;\">Sortie \u00e0 Bordeaux des 25 et 26 octobre 2021<\/span><\/strong> : <a href=\"https:\/\/www.rabelais32.org\/wp-content\/uploads\/2021\/10\/Du-lundi-25-octobre-2021-au-mardi-26-octobre-2021Bordeaux.pdf\" target=\"_blank\" rel=\"noopener noreferrer\"><strong>programme ICI<\/strong><\/a><\/div>\n<div><\/div>\n<div>\n<hr \/>\n<\/div>\n<div>Voici le mode d&#8217;emploi pour r\u00e9diger un commentaire \u00e0 propos des articles du site <a href=\"https:\/\/www.rabelais32.org\/wp-content\/uploads\/2021\/02\/Laisser-un-commentaire-dans-un-article.pdf\" target=\"_blank\" rel=\"noopener noreferrer\">ICI\u00a0\u00a0<\/a><\/div>\n<div>Nous comptons sur vous et les validerons avec grand plaisir.<\/div>\n<div>\n<hr \/>\n<\/div>\n<div>\n<hr \/>\n<p><em><strong><span style=\"color: #0000ff;\">Reprise des activit\u00e9s du club : derni\u00e8res informations du 17 mai 2021:<\/span><\/strong><\/em><\/p>\n<\/div>\n<div><\/div>\n<div>\n<p class=\"x_MsoNormal\"><strong>\u00ab\u00a0Objet :<\/strong> Club Sant\u00e9 Seniors, reprise d\u2019activit\u00e9s.<\/p>\n<p class=\"x_MsoNormal\">Cher.e.s \u00a0ami.e.s,<\/p>\n<div>\n<div lang=\"FR\">\n<div class=\"x_WordSection1\">\n<div>\n<div>\n<p>Lundi 17 mai , la cellule de crise a validit\u00e9 la possibilit\u00e9 de <strong>reprise des activit\u00e9s des clubs Sant\u00e9 Seniors \u00e0 <span style=\"color: #ff0000;\">compter du 9 juin 2021<\/span><\/strong> (sous r\u00e9serve\u00a0 de nouvelles\u00a0 r\u00e8gles gouvernementales et territoriales en vigueur)<\/p>\n<\/div>\n<div id=\"x_id-0bdef32d-7f02-4fc2-bd43-f82ebe1aac67\">\n<div>\n<div id=\"x_x_id-2809a6b1-119e-4d59-95dc-603360e7bca0\">\n<div>\n<p>Compte tenu de l\u2019\u00e2ge des adh\u00e9rents, la plus extr\u00eame vigilance doit \u00eatre apport\u00e9e au strict respect des gestes barri\u00e8res par les pratiquants et les animateurs\/intervenants.<\/p>\n<p>Seul ce strict respect est garant d\u2019une protection efficace de soi et des autres. A ce titre la responsabilit\u00e9 individuelle de chacun est \u00e0 rappeler.<\/p>\n<p><strong>Par ordre d\u2019importance, les gestes barri\u00e8res sont\u00a0:<\/strong><\/p>\n<p>\u2022 La distanciation physique et le port obligatoire et syst\u00e9matique du masque (y compris \u00e0 l\u2019ext\u00e9rieur)<\/p>\n<p>\u2022 Le lavage ou la d\u00e9sinfection fr\u00e9quente des mains\u00a0avec Solution ou Gel Hydroalcoolique<\/p>\n<p>\u2022 L\u2019isolement d\u2019une personne d\u00e8s qu\u2019elle est test\u00e9e positive (cas de COVID av\u00e9r\u00e9)<\/p>\n<p>\u2022 La d\u00e9sinfection r\u00e9guli\u00e8re des surfaces (au moins 1 fois par jour) et l\u2019a\u00e9ration des locaux (au moins 3 fois par jour)<\/p>\n<ul type=\"disc\">\n<li class=\"x_MsoNormal\">Le moindre doute sur une \u00e9ventuelle Covid-19 (qu\u2019un test ait \u00e9t\u00e9 d\u00e9j\u00e0 pratiqu\u00e9 ou non) doit imposer aux participants de ne pas se rendre au Club.<\/li>\n<\/ul>\n<p><strong>\u00a0D\u00e8s lors que ces conditions pr\u00e9alables sont respect\u00e9es\u00a0:<\/strong><\/p>\n<p><strong>\u00a0<u>Les activit\u00e9s en ext\u00e9rieur<\/u><\/strong> sont autoris\u00e9es et recommand\u00e9es\u00a0<strong>AVEC PORT DU MASQUE<\/strong> (sauf pour la pratique du v\u00e9lo ou la course \u00e0 pieds)<\/p>\n<p><strong><u>\u00a0Les activit\u00e9s en int\u00e9rieur<\/u><\/strong> sont limit\u00e9es dans le m\u00eame espace ferm\u00e9 dans la limite de 20 personnes et dans le strict respect des r\u00e8gles sanitaires en vigueur (65% de capacit\u00e9 du lieu \/ 4m2 par personne) <strong>AVEC PORT DU MASQUE<\/strong><\/p>\n<p><u>Sp\u00e9cificit\u00e9s compl\u00e9mentaires<\/u>\u00a0:<\/p>\n<p><u>Activit\u00e9s culturelles<\/u>\u00a0:<\/p>\n<p>\u2022 Autoris\u00e9es, y compris les jeux de soci\u00e9t\u00e9 \u00e0 condition que les tables soient d\u2019une taille suffisante pour respecter la distanciation.<\/p>\n<p>&#8211; Compte tenu de la manipulation des cartes, jetons, etc. veiller \u00e0 se laver les mains\u00a0avant toute partie, et fr\u00e9quemment ensuite (entre les parties\u2026)<\/p>\n<p><strong><span style=\"color: #ff0000;\">A compter du\u00a0 1er juillet\u00a0 2021<\/span> et si les conditions sanitaires le permettent<\/strong>, les clubs Sant\u00e9 Seniors pourront se tenir en section et les actions ext\u00e9rieures sont \u00e9galement autoris\u00e9es, <strong>sans limite en nombre de personnes pr\u00e9sentes<\/strong> (retour \u00e0 un fonctionnement normal), dans le <strong>respect des gestes barri\u00e8res<\/strong>\u00a0 ( \u00e9voqu\u00e9s ci-dessus ) et des <strong>r\u00e8gles gouvernementales et territoriales en vigueur.<\/strong><\/p>\n<p>Bien amicalement,<\/p>\n<p>Isabelle Musseau\u00a0\u00a0\u00a0\u00a0\u00a0\u00a0\u00a0\u00a0\u00a0 Christophe Lafond\u00a0\u00a0\u00a0\u00a0 Maryse Lacaze\u00a0\u00a0\u00a0 \u00a0 \u00a0 \u00a0 \u00a0 \u00a0 \u00a0 \u00a0 \u00a0 \u00a0 \u00a0 \u00a0\u00a0 Ma\u00efth\u00e9 Escoubas<\/p>\n<p>D\u00e9l\u00e9gu\u00e9e\u00a0 Nationale\u00a0\u00a0\u00a0\u00a0\u00a0 Vice-Pr\u00e9sident\u00a0\u00a0\u00a0\u00a0\u00a0\u00a0\u00a0\u00a0\u00a0 Pr\u00e9sidente Section MGEN Gers\u00a0 \u00a0\u00a0 Responsable Club sant\u00e9 Seniors 32&Prime;<\/p>\n<\/div>\n<\/div>\n<\/div>\n<\/div>\n<\/div>\n<\/div>\n<\/div>\n<\/div>\n<\/div>\n<div><\/div>\n<div>\n<div><strong><span style=\"color: #ff0000;\">COVID-19\u00a0:<\/span><\/strong><\/div>\n<div>\n<p><strong><span style=\"color: #0000ff;\">28 novembre 2020 :<\/span><\/strong><\/p>\n<div><span style=\"color: #0000ff;\"><strong>nouvelle attestation de d\u00e9placement d\u00e9rogatoire \u00e0 compter de ce jour : PDF \u00e0 t\u00e9l\u00e9charger et imprimer : <a href=\"https:\/\/www.rabelais32.org\/wp-content\/uploads\/2020\/11\/28-11-2020-attestation-de-deplacement-derogatoire.pdf\" target=\"_blank\" rel=\"noopener noreferrer\">ICI<\/a><\/strong><\/span><\/div>\n<div><\/div>\n<div><span style=\"color: #0000ff;\"><strong>lien vers site du gouvernement avec toutes les attestations y compris pour t\u00e9l\u00e9chargement sur t\u00e9l\u00e9phone\u00a0 : <a href=\"https:\/\/www.interieur.gouv.fr\/Actualites\/L-actu-du-Ministere\/Attestations-de-deplacement\" target=\"_blank\" rel=\"noopener noreferrer\">ICI<\/a><\/strong><\/span><\/div>\n<\/div>\n<\/div>\n<div><\/div>\n<div><span style=\"color: #0000ff;\"><strong>6 novembre 2020 :<\/strong><\/span><\/div>\n<div>\n<p class=\"x_xxxxmsonormal\"><em>Message d&rsquo;Isabelle MUSSEAU, si\u00e8ge MGEN<\/em> le 5\/11\/20 :<\/p>\n<p class=\"x_xxxxmsonormal\">Dans le respect des directives gouvernementales sur le confinement, concernant la pr\u00e9vention et l\u2019action sociale, il a \u00e9t\u00e9 valid\u00e9 ce matin en cellule de crise que\u00a0:<\/p>\n<ul type=\"disc\">\n<li class=\"x_xmsonormal\"><span style=\"color: #800000;\"><strong>Les clubs sant\u00e9 senior en pr\u00e9sentiel sont suspendus conform\u00e9ment aux directives du gouvernement, en revanche, leurs actions \u00e0 distance sont pr\u00e9conis\u00e9es et encourag\u00e9es.\u00a0<\/strong>Nous vous transmettrons tr\u00e8s prochainement, par la voie des pr\u00e9sidents de section, comme pour la premi\u00e8re p\u00e9riode de confinement, des guides, contacts, outils et conseils pour conserver, nourrir et renforcer le lien.<\/span><\/li>\n<li class=\"x_xmsonormal\"><span style=\"color: #800000;\"><strong>Toute action collective de pr\u00e9vention (men\u00e9e aupr\u00e8s de nos adh\u00e9rents) en pr\u00e9sentiel est prohib\u00e9e<\/strong> (ateliers, r\u00e9unions, rencontres) pour le moment.<\/span><\/li>\n<\/ul>\n<p class=\"x_MsoNormal\">Prenez bien soin de vous,<\/p>\n<\/div>\n<div><\/div>\n<div>\n<div><span style=\"color: #0000ff;\"><strong>30 octobre 2020 : nouvelle attestation de d\u00e9placement d\u00e9rogatoire \u00e0 compter de ce jour : PDF \u00e0 t\u00e9l\u00e9charger et imprimer : <a href=\"https:\/\/www.rabelais32.org\/wp-content\/uploads\/2020\/10\/attestation-deplacement.pdf\" target=\"_blank\" rel=\"noopener noreferrer\">ICI<\/a><\/strong><\/span><\/div>\n<div><\/div>\n<div><span style=\"color: #0000ff;\"><strong>lien vers site du gouvernement avec toutes les attestations y compris pour t\u00e9l\u00e9chargement sur t\u00e9l\u00e9phone\u00a0 : <a style=\"color: #0000ff;\" href=\"https:\/\/www.interieur.gouv.fr\/Actualites\/L-actu-du-Ministere\/Attestations-de-deplacement\" target=\"_blank\" rel=\"noopener noreferrer\">ICI<\/a><\/strong><\/span><\/div>\n<div><\/div>\n<div><strong><span style=\"color: #ff0000;\">Mesures sanitaires pour le fonctionnement des activit\u00e9s du club<\/span><\/strong> : <a href=\"https:\/\/www.rabelais32.org\/wp-content\/uploads\/2020\/09\/Club-Sant\u00e9-S\u00e9nior-Mesures-Sanitaires.pdf\" target=\"_blank\" rel=\"noopener noreferrer\">information au 14 septembre 2020<\/a><\/div>\n<div><\/div>\n<div><strong><span style=\"color: #ff0000;\">La section MGEN du Gers\u00a0restera ferm\u00e9e\u00a0au public jusqu&rsquo;\u00e0 nouvel ordre.<\/span><\/strong><\/div>\n<div><strong><span style=\"color: #ff0000;\">A ce jour, tout le personnel est en t\u00e9l\u00e9travail<\/span><\/strong><\/div>\n<div>\n<p align=\"center\"><strong><span style=\"color: #ff0000;\">Pour vos d\u00e9marches, nous vous invitons \u00e0 :<\/span><\/strong><\/p>\n<p><strong><span style=\"color: #ff0000;\">1) D\u00e9poser votre demande et vos documents num\u00e9ris\u00e9s sur votre espace personnel :<\/span><\/strong><\/p>\n<p><strong><span style=\"color: #ff0000;\">sur\u00a0<a style=\"color: #ff0000;\" href=\"https:\/\/2l5c4.r.bh.d.sendibt3.com\/mk\/cl\/f\/OlACrtquNJz0lJOMn_zdjN9xcqHb0WcXlyclWSyg6RskARBoWZFO6LTRE_PJ96Ys_VvPVmAl1HaHloQzfiU1kKrrOO9fcgskw0A6mnxzxVDMptKa7ThCqXz6brOsQZK2SPI1ncpkzvbQh6ieSJyHPfXxfoRxzRpP8grcTthkIo1S01ZMrdQ\" target=\"_blank\" rel=\"noopener noreferrer\">mgen.fr<\/a>\u00a0 \u00ab\u00a0Mon espace\u00a0\u00bb\u00a0\u00a0\u00a0\u00a0\u00a0\u00a0 Attention ! pas de courrier postal \u00e0 la section<\/span><\/strong><br \/>\n<strong><span style=\"color: #ff0000;\">2) Envoyer vos messages urgents et prioritaires par mail \u00e0 :\u00a0<\/span><\/strong><\/p>\n<p><strong><span style=\"color: #ff0000;\"><u><a id=\"mgen32@mgen.fr_body\" class=\"adr black-to-orange contextEntry\" style=\"color: #ff0000;\" href=\"https:\/\/webmail1p.orange.fr\/webmail\/fr_FR\/read.html?FOLDER=SF_INBOX&amp;IDMSG=108227&amp;check=&amp;SORTBY=1#\" target=\"_blank\" rel=\"noopener noreferrer\">mgen32@mgen.fr<\/a><\/u><\/span><\/strong><\/p>\n<p><strong><span style=\"color: #ff0000;\">3) consulter r\u00e9guli\u00e8rement les pages d\u00e9partementales : MGEN32<\/span><\/strong><\/p>\n<p><strong><span style=\"color: #ff0000;\">4) T\u00e9l\u00e9phoner sur la plateforme mgen : 36 76\u00a0 ( pr\u00e9voir d\u00e9lai d&rsquo;attente.)<\/span><\/strong><\/p>\n<p>&nbsp;<\/p>\n<\/div>\n<\/div>\n<div class=\"\">Faites votre choix en<span style=\"color: #800000;\"><strong> parcourant le menu d\u00e9roulant et ses sous-menus<\/strong><\/span> :<\/div>\n<div class=\"\"><\/div>\n<div class=\"\">Vous partagerez ainsi la vie du Club.<\/div>\n<p>N&rsquo;h\u00e9sitez pas \u00e0 nous faire parvenir\u00a0 des articles\u00a0 sur les derni\u00e8res sorties,randonn\u00e9es, les voyages du club, \u00e0 partager une histoire, une lecture, un voyage personnel,une recette,\u00a0 etc\u2026<\/p>\n<div class=\"\"><strong><span style=\"color: #800000;\">Vous trouverez \u00e9galement\u00a0 ci-dessous les liens directs vers le bulletin 134 \u00e0 imprimer\u00a0 ainsi que\u00a0 le bulletin d&rsquo;inscription au club \u00e0 t\u00e9l\u00e9charger, imprimer et retourner d\u00fbment rempli au club.<\/span><\/strong><\/div>\n<div><\/div>\n<ul>\n<li><strong><span style=\"color: #339966;\">le bulletin134 au format A4 pour impression :\u00a0<\/span> <a href=\"https:\/\/www.rabelais32.org\/wp-content\/uploads\/2020\/10\/bulletin-134-pour-impression.pdf\" target=\"_blank\" rel=\"noopener noreferrer\">ICI<\/a><br \/>\n<\/strong><\/li>\n<li><span style=\"color: #339966;\"><strong>le bulletin d&rsquo;inscription au club pour l&rsquo;ann\u00e9e 2020-2021 : <span style=\"color: #000000;\">pas en ligne pour l&rsquo;instant<\/span><\/strong><\/span><strong><br \/>\n<\/strong><\/li>\n<\/ul>\n<p>&nbsp;<\/p>\n<p><span style=\"color: #339966;\"><strong>\u00a0\u00a0\u00a0\u00a0\u00a0\u00a0\u00a0\u00a0\u00a0\u00a0\u00a0\u00a0\u00a0\u00a0\u00a0\u00a0\u00a0\u00a0\u00a0\u00a0\u00a0\u00a0\u00a0\u00a0\u00a0\u00a0\u00a0\u00a0\u00a0\u00a0\u00a0\u00a0\u00a0\u00a0\u00a0\u00a0\u00a0\u00a0\u00a0\u00a0\u00a0\u00a0\u00a0\u00a0\u00a0\u00a0\u00a0\u00a0\u00a0\u00a0\u00a0\u00a0\u00a0\u00a0\u00a0\u00a0\u00a0\u00a0\u00a0\u00a0\u00a0\u00a0\u00a0\u00a0\u00a0\u00a0\u00a0\u00a0\u00a0\u00a0\u00a0\u00a0\u00a0\u00a0\u00a0\u00a0 <\/strong><\/span><\/p>\n<p>&nbsp;<\/p>\n<p>&nbsp;<\/p>\n<div class=\"\"><\/div>\n<p>&nbsp;<\/p>\n<p>&nbsp;<\/p>\n","protected":false},"excerpt":{"rendered":"<p>Cette page a pour but de vous orienter vers les comptes-rendus concernant toutes nos activit\u00e9s, les articles \u00e0 partager, les derni\u00e8res informations importantes. Mode d&#8217;emploi pour faire un commentaire sur un article : ICI &#8230;&#8230;&#8230;&#8230;&#8230;&#8230;&#8230;&#8230;&#8230;&#8230;&#8230;&#8230;&#8230;&#8230;&#8230;&#8230;&#8230;&#8230;&#8230;&#8230;&#8230;&#8230;&#8230;&#8230;&#8230;&#8230;&#8230;&#8230;&#8230;&#8230;&#8230;&#8230;&#8230;&#8230;.. Collecte solidaire \u00ab\u00a0Tous et Toutes &hellip; <a href=\"https:\/\/www.rabelais32.org\/index.php\/actualites\/\">Lire la suite\u00ad\u00ad<\/a><\/p>\n","protected":false},"author":1,"featured_media":1461,"parent":0,"menu_order":0,"comment_status":"closed","ping_status":"closed","template":"","meta":{"footnotes":""},"class_list":["post-338","page","type-page","status-publish","has-post-thumbnail","hentry"],"_links":{"self":[{"href":"https:\/\/www.rabelais32.org\/index.php\/wp-json\/wp\/v2\/pages\/338","targetHints":{"allow":["GET"]}}],"collection":[{"href":"https:\/\/www.rabelais32.org\/index.php\/wp-json\/wp\/v2\/pages"}],"about":[{"href":"https:\/\/www.rabelais32.org\/index.php\/wp-json\/wp\/v2\/types\/page"}],"author":[{"embeddable":true,"href":"https:\/\/www.rabelais32.org\/index.php\/wp-json\/wp\/v2\/users\/1"}],"replies":[{"embeddable":true,"href":"https:\/\/www.rabelais32.org\/index.php\/wp-json\/wp\/v2\/comments?post=338"}],"version-history":[{"count":391,"href":"https:\/\/www.rabelais32.org\/index.php\/wp-json\/wp\/v2\/pages\/338\/revisions"}],"predecessor-version":[{"id":16049,"href":"https:\/\/www.rabelais32.org\/index.php\/wp-json\/wp\/v2\/pages\/338\/revisions\/16049"}],"wp:featuredmedia":[{"embeddable":true,"href":"https:\/\/www.rabelais32.org\/index.php\/wp-json\/wp\/v2\/media\/1461"}],"wp:attachment":[{"href":"https:\/\/www.rabelais32.org\/index.php\/wp-json\/wp\/v2\/media?parent=338"}],"curies":[{"name":"wp","href":"https:\/\/api.w.org\/{rel}","templated":true}]}}