{"id":2675,"date":"2016-09-02T15:02:50","date_gmt":"2016-09-02T15:02:50","guid":{"rendered":"http:\/\/www.rabelais32.org\/?page_id=2675"},"modified":"2021-09-01T18:19:49","modified_gmt":"2021-09-01T16:19:49","slug":"informations-externes","status":"publish","type":"page","link":"https:\/\/www.rabelais32.org\/index.php\/liens\/informations-externes\/","title":{"rendered":"Informations diverses"},"content":{"rendered":"<p>Cette page a pour but de vous informer sur des \u00e9v\u00e8nements que des organismes ou associations nous demandent de communiquer. Vous y trouverez des liens vers toutes les documentations utiles qui nous seront envoy\u00e9es.<\/p>\n<p><strong>Information importante de la section MGEN32 septembre 2021 :<\/strong><\/p>\n<p><strong>R\u00e9union d&rsquo;information MGEN du 15 septembre 2021<\/strong> : <a href=\"https:\/\/www.rabelais32.org\/wp-content\/uploads\/2021\/09\/Participation-r\u00e9union-MGEN.pdf\" target=\"_blank\" rel=\"noopener noreferrer\"><strong>ICI<\/strong><\/a><\/p>\n<p><strong>lien <\/strong><a href=\"https:\/\/teams.microsoft.com\/l\/meetup-join\/19%3ameeting_NzZkNmRiYWItZjc4NS00ZmU1LWJiOTctYjk5YThiOTllZTYx%40thread.v2\/0?context=%7b%22Tid%22%3a%2246c7adc1-b852-4dfe-994d-c23d70d3dbf5%22%2c%22Oid%22%3a%22dfd65bb8-f923-4b4a-872b-bad81f5a9dc2%22%7d\" target=\"_blank\" rel=\"noopener noreferrer\">ICI<\/a><\/p>\n<p><strong><span style=\"color: #339966;\">Nouvelles informations ; cliquer sur chaque image pour lire le texte en gros caract\u00e8res si n\u00e9cessaire :<\/span> <\/strong><\/p>\n<p><strong>image 1 :<\/strong><\/p>\n<p><a href=\"https:\/\/www.rabelais32.org\/wp-content\/uploads\/2020\/04\/UVTD-et-autres-avec-MGEN20200416_13574588-1.jpg\" target=\"_blank\" rel=\"noopener noreferrer\"><img loading=\"lazy\" decoding=\"async\" class=\"alignnone wp-image-8807\" src=\"https:\/\/www.rabelais32.org\/wp-content\/uploads\/2020\/04\/UVTD-et-autres-avec-MGEN20200416_13574588-1-300x106.jpg\" alt=\"\" width=\"727\" height=\"257\" srcset=\"https:\/\/www.rabelais32.org\/wp-content\/uploads\/2020\/04\/UVTD-et-autres-avec-MGEN20200416_13574588-1-300x106.jpg 300w, https:\/\/www.rabelais32.org\/wp-content\/uploads\/2020\/04\/UVTD-et-autres-avec-MGEN20200416_13574588-1-1024x362.jpg 1024w, https:\/\/www.rabelais32.org\/wp-content\/uploads\/2020\/04\/UVTD-et-autres-avec-MGEN20200416_13574588-1-768x271.jpg 768w, https:\/\/www.rabelais32.org\/wp-content\/uploads\/2020\/04\/UVTD-et-autres-avec-MGEN20200416_13574588-1-1536x542.jpg 1536w, https:\/\/www.rabelais32.org\/wp-content\/uploads\/2020\/04\/UVTD-et-autres-avec-MGEN20200416_13574588-1-2048x723.jpg 2048w, https:\/\/www.rabelais32.org\/wp-content\/uploads\/2020\/04\/UVTD-et-autres-avec-MGEN20200416_13574588-1.jpg 2189w\" sizes=\"auto, (max-width: 727px) 100vw, 727px\" \/><\/a><\/p>\n<p><strong>image 2 :<\/strong><\/p>\n<p><a href=\"https:\/\/www.rabelais32.org\/wp-content\/uploads\/2020\/04\/Goov-sport-sant\u00e920200416_13591662.jpg\" target=\"_blank\" rel=\"noopener noreferrer\"><img loading=\"lazy\" decoding=\"async\" class=\"alignnone wp-image-8806\" src=\"https:\/\/www.rabelais32.org\/wp-content\/uploads\/2020\/04\/Goov-sport-sant\u00e920200416_13591662-300x45.jpg\" alt=\"\" width=\"720\" height=\"108\" srcset=\"https:\/\/www.rabelais32.org\/wp-content\/uploads\/2020\/04\/Goov-sport-sant\u00e920200416_13591662-300x45.jpg 300w, https:\/\/www.rabelais32.org\/wp-content\/uploads\/2020\/04\/Goov-sport-sant\u00e920200416_13591662-1024x155.jpg 1024w, https:\/\/www.rabelais32.org\/wp-content\/uploads\/2020\/04\/Goov-sport-sant\u00e920200416_13591662-768x116.jpg 768w, https:\/\/www.rabelais32.org\/wp-content\/uploads\/2020\/04\/Goov-sport-sant\u00e920200416_13591662-1536x232.jpg 1536w, https:\/\/www.rabelais32.org\/wp-content\/uploads\/2020\/04\/Goov-sport-sant\u00e920200416_13591662-2048x309.jpg 2048w\" sizes=\"auto, (max-width: 720px) 100vw, 720px\" \/><\/a><\/p>\n<div><span style=\"color: #ff0000;\"><strong>COVID-19 :<\/strong><\/span><\/div>\n<div>\n<p><span style=\"color: #ff0000;\"><strong>La section MGEN du Gers\u00a0restera ferm\u00e9e\u00a0au public jusqu&rsquo;\u00e0 nouvel ordre.<\/strong><\/span><\/p>\n<\/div>\n<div><span style=\"color: #ff0000;\"><strong>A ce jour, tout le personnel est en t\u00e9l\u00e9travail<\/strong><\/span><\/div>\n<div>\n<p align=\"center\"><span style=\"color: #ff0000;\"><strong>Pour vos d\u00e9marches, nous vous invitons \u00e0 :<\/strong><\/span><\/p>\n<p><span style=\"color: #ff0000;\"><strong>1) D\u00e9poser votre demande et vos documents num\u00e9ris\u00e9s sur votre espace personnel :<\/strong><\/span><\/p>\n<p><span style=\"color: #ff0000;\"><strong>sur\u00a0<a style=\"color: #ff0000;\" href=\"https:\/\/2l5c4.r.bh.d.sendibt3.com\/mk\/cl\/f\/OlACrtquNJz0lJOMn_zdjN9xcqHb0WcXlyclWSyg6RskARBoWZFO6LTRE_PJ96Ys_VvPVmAl1HaHloQzfiU1kKrrOO9fcgskw0A6mnxzxVDMptKa7ThCqXz6brOsQZK2SPI1ncpkzvbQh6ieSJyHPfXxfoRxzRpP8grcTthkIo1S01ZMrdQ\" target=\"_blank\" rel=\"noopener noreferrer\">mgen.fr<\/a>\u00a0 \u00ab\u00a0Mon espace\u00a0\u00bb\u00a0\u00a0\u00a0\u00a0\u00a0\u00a0 Attention ! pas de courrier postal \u00e0 la section<\/strong><\/span><br \/>\n<span style=\"color: #ff0000;\"><strong>2)\u00a0Envoyer vos messages urgents et prioritaires par mail \u00e0 :\u00a0<\/strong><\/span><br \/>\n<span style=\"color: #ff0000;\"><strong>\u00a0 \u00a0<u><a id=\"mgen32@mgen.fr_body\" class=\"adr black-to-orange contextEntry\" style=\"color: #ff0000;\" href=\"https:\/\/webmail1p.orange.fr\/webmail\/fr_FR\/read.html?FOLDER=SF_INBOX&amp;IDMSG=108227&amp;check=&amp;SORTBY=1#\" target=\"_blank\" rel=\"noopener noreferrer\">mgen32@mgen.fr<\/a><\/u><u><\/u><\/strong><\/span><\/p>\n<p><span style=\"color: #ff0000;\"><strong><u>\u00a0<\/u>3) consulter r\u00e9guli\u00e8rement les pages d\u00e9partementales : MGEN32<\/strong><\/span><\/p>\n<p><span style=\"color: #ff0000;\"><strong>4)\u00a0T\u00e9l\u00e9phoner sur la plateforme mgen :\u00a036 76\u00a0 ( pr\u00e9voir d\u00e9lai d&rsquo;attente)<\/strong><\/span><\/p>\n<p>&nbsp;<\/p>\n<\/div>\n<p><strong>Journ\u00e9e premiers \u00ab\u00a032 du 32 \u00a0\u00bb des randonneurs gascons : <a href=\"https:\/\/www.rabelais32.org\/wp-content\/uploads\/2018\/10\/aff-32-du-32.pdf\" target=\"_blank\" rel=\"noopener noreferrer\">ICI<\/a><\/strong><\/p>\n<p><span style=\"color: #0000ff;\"><strong>Information importante sauvegarde des documents administratifs : <\/strong><\/span><a href=\"https:\/\/www.rabelais32.org\/wp-content\/uploads\/2018\/03\/Sauvegarder-ses-documents-administratifs.pdf\" target=\"_blank\" rel=\"noopener noreferrer\"><span style=\"color: #0000ff;\"><strong>ICI<\/strong><\/span><\/a><\/p>\n<p><span style=\"color: #0000ff;\"><strong>accompagn\u00e9e d&rsquo;un tutoriel : <\/strong><\/span><a href=\"https:\/\/www.rabelais32.org\/wp-content\/uploads\/2018\/03\/Tuto-Service-Public-pour-sauvegardede-documents.pdf\" target=\"_blank\" rel=\"noopener noreferrer\"><span style=\"color: #0000ff;\"><strong>ICI<\/strong><\/span><\/a><\/p>\n<p><strong><span style=\"color: #800000;\">Ev\u00e8nements 2017\/2018<\/span><\/strong><\/p>\n<p>Lectures par Th\u00e9\u00e2tre du Griot Blanc :<strong> le<span style=\"color: #008000;\"> vendredi 18 mai 2018 \u00e0 21h<\/span> petite salle Cuzin \u00e0 AUCH<\/strong><\/p>\n<p><strong><span style=\"color: #008000;\">\u00ab\u00a0LA MUL\u00c2TRESSE SOLITUDE\u00a0\u00bb<\/span><\/strong> d\u2019Andr\u00e9 SCHWARTZ- BART l\u2019auteur du Dernier des Justes\u00a0 : <strong>Affiche\u00a0: <a href=\"https:\/\/www.rabelais32.org\/wp-content\/uploads\/2018\/05\/AFFICHE-LECTURE-LA-MULATRESSE-SOLITUDE.pdf\" target=\"_blank\" rel=\"noopener noreferrer\">ICI<\/a><\/strong><\/p>\n<p>Feydeau Folies par le th\u00e9\u00e2tre du Griot Blanc : <span style=\"color: #003300;\"><strong>le samedi 17 mars Th\u00e9\u00e2tre municipal d&rsquo;Auch 21h<\/strong><\/span> : liens <a href=\"https:\/\/www.rabelais32.org\/wp-content\/uploads\/2018\/03\/FEYDEAU-AFFICHE-AUCH.pdf\" target=\"_blank\" rel=\"noopener noreferrer\">ICI<\/a> et <a href=\"https:\/\/www.rabelais32.org\/wp-content\/uploads\/2018\/03\/FEYDEAU-FOLIES-Tract-AUCH-THE\u00c2TRE-PDF.pdf\" target=\"_blank\" rel=\"noopener noreferrer\">ICI<\/a><\/p>\n<p>Soir\u00e9e ACPPG du <strong>10 mars 2018 : lien <a href=\"https:\/\/www.rabelais32.org\/wp-content\/uploads\/2018\/03\/Affiche-soir\u00e9e-ACPPG-du-10-03-18.pdf\" target=\"_blank\" rel=\"noopener noreferrer\">ICI<\/a><\/strong><\/p>\n<p>Lectures par Th\u00e9\u00e2tre du Griot Blanc :<strong><span style=\"color: #003300;\"> le vendredi 2 f\u00e9vrier 2018 petite salle Cuzin \u00e0 AUCH<\/span><\/strong><\/p>\n<p>Notre lecture : Cette fois on lit un auteur contemporain : Sorj Chalandon<\/p>\n<p>Liens : .<a href=\"https:\/\/www.rabelais32.org\/wp-content\/uploads\/2018\/02\/AFFICHE-LECTURE-SORJ-CHALENDON-pdf.pdf\" target=\"_blank\" rel=\"noopener noreferrer\">ICI<\/a> et <a href=\"https:\/\/www.rabelais32.org\/wp-content\/uploads\/2018\/02\/LECTURE-SORJ-CHALENDON-TRACT-2-pdf.pdf\" target=\"_blank\" rel=\"noopener noreferrer\">ICI<\/a><\/p>\n<p>Voici quelques nouvelles de la section lisloise:<\/p>\n<p><span style=\"color: #003300;\"><strong>&#8211; le mardi 12 D\u00e9cembre \u00e0 14h30, \u00e0 la mairie, Jean Pierre Cantet pr\u00e9sentera le diaporama sur l&rsquo;Iran (\u00ab\u00a0A la d\u00e9couverte de l&rsquo;Iran\u00a0\u00bb).<\/strong><\/span><\/p>\n<p><span style=\"color: #003300;\"><strong>&#8211; le mardi 13 mars 2018, m\u00eame heure, m\u00eame lieu, Jeanine\u00a0Martel pr\u00e9sentera son diaporama \u00ab\u00a0Escapade en Syrie-Mont\u00e9n\u00e9gro\u00a0\u00bb.<\/strong><\/span><\/p>\n<p><a href=\"https:\/\/www.rabelais32.org\/wp-content\/uploads\/2017\/11\/RANDO.pdf\" target=\"_blank\" rel=\"noopener noreferrer\">Rando Roquelaure dimanche 19 novembre 2017<\/a><\/p>\n<p><a href=\"https:\/\/www.rabelais32.org\/wp-content\/uploads\/2017\/11\/Colloque1917-couverture.pdf\" target=\"_blank\" rel=\"noopener noreferrer\">colloque Soci\u00e9t\u00e9 Arch\u00e9ologique du Gers 18 novembre 2017<\/a><\/p>\n<p><a href=\"https:\/\/www.rabelais32.org\/wp-content\/uploads\/2017\/11\/Colloque1917-int\u00e9rieur.pdf\" target=\"_blank\" rel=\"noopener noreferrer\">colloque Soci\u00e9t\u00e9 Arch\u00e9ologique du Gers programme<\/a><\/p>\n<p><span style=\"color: #800000;\"><strong>Ev\u00e8nements 2016\/2017<\/strong><\/span><\/p>\n<p><a href=\"https:\/\/www.rabelais32.org\/wp-content\/uploads\/2017\/06\/EVMM-Programme-concert-PAVIE-UNICEF-juin-2017.pdf\" target=\"_blank\" rel=\"noopener noreferrer\">Concert Pavie au profit de l&rsquo;Unicef 24 juin 2017<\/a><\/p>\n<p><a href=\"https:\/\/www.rabelais32.org\/wp-content\/uploads\/2017\/04\/affiche-ptits-lu-cb2.pdf\" target=\"_blank\" rel=\"noopener noreferrer\">Rencontre M\u00e9li M\u00e9lo Crescendo Castelnau Barbarens<\/a><\/p>\n<p><a href=\"https:\/\/www.rabelais32.org\/wp-content\/uploads\/2017\/04\/lectures-griot-blanc.pdf\" target=\"_blank\" rel=\"noopener noreferrer\">Lectures par th\u00e9\u00e2tre du Griot Blanc<\/a><\/p>\n<p><a href=\"http:\/\/www.rabelais32.org\/wp-content\/uploads\/2017\/02\/Premie\u0300re-marche-de-printemps-.pdf\" target=\"_blank\" rel=\"noopener noreferrer\">Marche de printemps 16 mars 2017<\/a><\/p>\n<p><a href=\"http:\/\/www.rabelais32.org\/wp-content\/uploads\/2016\/09\/Exposition-au-Mus\u00e9e-des-AUGUSTINS.pdf\" target=\"_blank\" rel=\"noopener noreferrer\">Exposition mus\u00e9e des Augustins<\/a><\/p>\n<p><a href=\"http:\/\/www.rabelais32.org\/wp-content\/uploads\/2016\/09\/Inscription-voyage-chemin-des-dames.pdf\" target=\"_blank\" rel=\"noopener noreferrer\">Amicale 88: voyage 2017 Chemin des Dames<\/a><\/p>\n<p>&nbsp;<\/p>\n<p>&nbsp;<\/p>\n<p>&nbsp;<\/p>\n","protected":false},"excerpt":{"rendered":"<p>Cette page a pour but de vous informer sur des \u00e9v\u00e8nements que des organismes ou associations nous demandent de communiquer. Vous y trouverez des liens vers toutes les documentations utiles qui nous seront envoy\u00e9es. Information importante de la section MGEN32 &hellip; <a href=\"https:\/\/www.rabelais32.org\/index.php\/liens\/informations-externes\/\">Lire la suite\u00ad\u00ad<\/a><\/p>\n","protected":false},"author":1,"featured_media":2678,"parent":145,"menu_order":0,"comment_status":"closed","ping_status":"closed","template":"","meta":{"footnotes":""},"class_list":["post-2675","page","type-page","status-publish","has-post-thumbnail","hentry"],"_links":{"self":[{"href":"https:\/\/www.rabelais32.org\/index.php\/wp-json\/wp\/v2\/pages\/2675","targetHints":{"allow":["GET"]}}],"collection":[{"href":"https:\/\/www.rabelais32.org\/index.php\/wp-json\/wp\/v2\/pages"}],"about":[{"href":"https:\/\/www.rabelais32.org\/index.php\/wp-json\/wp\/v2\/types\/page"}],"author":[{"embeddable":true,"href":"https:\/\/www.rabelais32.org\/index.php\/wp-json\/wp\/v2\/users\/1"}],"replies":[{"embeddable":true,"href":"https:\/\/www.rabelais32.org\/index.php\/wp-json\/wp\/v2\/comments?post=2675"}],"version-history":[{"count":62,"href":"https:\/\/www.rabelais32.org\/index.php\/wp-json\/wp\/v2\/pages\/2675\/revisions"}],"predecessor-version":[{"id":10706,"href":"https:\/\/www.rabelais32.org\/index.php\/wp-json\/wp\/v2\/pages\/2675\/revisions\/10706"}],"up":[{"embeddable":true,"href":"https:\/\/www.rabelais32.org\/index.php\/wp-json\/wp\/v2\/pages\/145"}],"wp:featuredmedia":[{"embeddable":true,"href":"https:\/\/www.rabelais32.org\/index.php\/wp-json\/wp\/v2\/media\/2678"}],"wp:attachment":[{"href":"https:\/\/www.rabelais32.org\/index.php\/wp-json\/wp\/v2\/media?parent=2675"}],"curies":[{"name":"wp","href":"https:\/\/api.w.org\/{rel}","templated":true}]}}